{"version":"1.0","provider_name":"Institut fran\u00e7ais","provider_url":"https:\/\/www.france.no\/no\/","author_name":"P\u00f4le Communication","author_url":"https:\/\/www.france.no\/no\/author\/polecom\/","title":"Nuit des id\u00e9es 2024 - Institut fran\u00e7ais","type":"rich","width":600,"height":338,"html":"<blockquote class=\"wp-embedded-content\" data-secret=\"eGai9NMxny\"><a href=\"https:\/\/www.france.no\/no\/2024\/kultur\/nuit-des-idees-2024-nye-former-for-mobilisering\/\">Nuit des id\u00e9es 2024<\/a><\/blockquote><iframe sandbox=\"allow-scripts\" security=\"restricted\" src=\"https:\/\/www.france.no\/no\/2024\/kultur\/nuit-des-idees-2024-nye-former-for-mobilisering\/embed\/#?secret=eGai9NMxny\" width=\"600\" height=\"338\" title=\"&laquo;Nuit des id\u00e9es 2024&raquo; &#8212; Institut fran\u00e7ais\" data-secret=\"eGai9NMxny\" frameborder=\"0\" marginwidth=\"0\" marginheight=\"0\" scrolling=\"no\" class=\"wp-embedded-content\"><\/iframe><script>\n\/*! This file is auto-generated *\/\n!function(d,l){\"use strict\";l.querySelector&&d.addEventListener&&\"undefined\"!=typeof URL&&(d.wp=d.wp||{},d.wp.receiveEmbedMessage||(d.wp.receiveEmbedMessage=function(e){var t=e.data;if((t||t.secret||t.message||t.value)&&!\/[^a-zA-Z0-9]\/.test(t.secret)){for(var s,r,n,a=l.querySelectorAll('iframe[data-secret=\"'+t.secret+'\"]'),o=l.querySelectorAll('blockquote[data-secret=\"'+t.secret+'\"]'),c=new RegExp(\"^https?:$\",\"i\"),i=0;i<o.length;i++)o[i].style.display=\"none\";for(i=0;i<a.length;i++)s=a[i],e.source===s.contentWindow&&(s.removeAttribute(\"style\"),\"height\"===t.message?(1e3<(r=parseInt(t.value,10))?r=1e3:~~r<200&&(r=200),s.height=r):\"link\"===t.message&&(r=new URL(s.getAttribute(\"src\")),n=new URL(t.value),c.test(n.protocol))&&n.host===r.host&&l.activeElement===s&&(d.top.location.href=t.value))}},d.addEventListener(\"message\",d.wp.receiveEmbedMessage,!1),l.addEventListener(\"DOMContentLoaded\",function(){for(var e,t,s=l.querySelectorAll(\"iframe.wp-embedded-content\"),r=0;r<s.length;r++)(t=(e=s[r]).getAttribute(\"data-secret\"))||(t=Math.random().toString(36).substring(2,12),e.src+=\"#?secret=\"+t,e.setAttribute(\"data-secret\",t)),e.contentWindow.postMessage({message:\"ready\",secret:t},\"*\")},!1)))}(window,document);\n\/\/# sourceURL=https:\/\/www.france.no\/wp-includes\/js\/wp-embed.min.js\n<\/script>\n","thumbnail_url":"https:\/\/www.france.no\/wp-content\/uploads\/2024\/08\/Nuit-des-idees-2024-en-Norvege-1098x480.jpg","thumbnail_width":1320,"thumbnail_height":480,"description":"Debatter \/ Diskusjoner \/ Panelsamtaler \/ Konserter 11. og 13. september 2024 i STAVANGER og OSLO \u00abNuit des id\u00e9es\u00bb er et program organisert av Institut fran\u00e7ais for \u00e5 fremme fri flyt av id\u00e9er og kunnskap gjennom \u00e5pne arrangementer. I 2024 samarbeider Institut fran\u00e7ais de Norv\u00e8ge med TOU i Stavanger, et eksempel p\u00e5 konseptet \u00abdet tredje [&hellip;]"}