{"version":"1.0","provider_name":"Institut fran\u00e7ais","provider_url":"https:\/\/www.france.no\/no\/","author_name":"P\u00f4le Communication","author_url":"https:\/\/www.france.no\/no\/author\/polecom\/","title":"Frankofone films\u00f8ndager - Institut fran\u00e7ais","type":"rich","width":600,"height":338,"html":"<blockquote class=\"wp-embedded-content\" data-secret=\"Fkxv8eqiqj\"><a href=\"https:\/\/www.france.no\/no\/2025\/kultur\/frankofone-filmsondager\/\">Frankofone films\u00f8ndager<\/a><\/blockquote><iframe sandbox=\"allow-scripts\" security=\"restricted\" src=\"https:\/\/www.france.no\/no\/2025\/kultur\/frankofone-filmsondager\/embed\/#?secret=Fkxv8eqiqj\" width=\"600\" height=\"338\" title=\"&laquo;Frankofone films\u00f8ndager&raquo; &#8212; Institut fran\u00e7ais\" data-secret=\"Fkxv8eqiqj\" frameborder=\"0\" marginwidth=\"0\" marginheight=\"0\" scrolling=\"no\" class=\"wp-embedded-content\"><\/iframe><script>\n\/*! This file is auto-generated *\/\n!function(d,l){\"use strict\";l.querySelector&&d.addEventListener&&\"undefined\"!=typeof URL&&(d.wp=d.wp||{},d.wp.receiveEmbedMessage||(d.wp.receiveEmbedMessage=function(e){var t=e.data;if((t||t.secret||t.message||t.value)&&!\/[^a-zA-Z0-9]\/.test(t.secret)){for(var s,r,n,a=l.querySelectorAll('iframe[data-secret=\"'+t.secret+'\"]'),o=l.querySelectorAll('blockquote[data-secret=\"'+t.secret+'\"]'),c=new RegExp(\"^https?:$\",\"i\"),i=0;i<o.length;i++)o[i].style.display=\"none\";for(i=0;i<a.length;i++)s=a[i],e.source===s.contentWindow&&(s.removeAttribute(\"style\"),\"height\"===t.message?(1e3<(r=parseInt(t.value,10))?r=1e3:~~r<200&&(r=200),s.height=r):\"link\"===t.message&&(r=new URL(s.getAttribute(\"src\")),n=new URL(t.value),c.test(n.protocol))&&n.host===r.host&&l.activeElement===s&&(d.top.location.href=t.value))}},d.addEventListener(\"message\",d.wp.receiveEmbedMessage,!1),l.addEventListener(\"DOMContentLoaded\",function(){for(var e,t,s=l.querySelectorAll(\"iframe.wp-embedded-content\"),r=0;r<s.length;r++)(t=(e=s[r]).getAttribute(\"data-secret\"))||(t=Math.random().toString(36).substring(2,12),e.src+=\"#?secret=\"+t,e.setAttribute(\"data-secret\",t)),e.contentWindow.postMessage({message:\"ready\",secret:t},\"*\")},!1)))}(window,document);\n\/\/# sourceURL=https:\/\/www.france.no\/wp-includes\/js\/wp-embed.min.js\n<\/script>\n","thumbnail_url":"https:\/\/www.france.no\/wp-content\/uploads\/2025\/02\/CINEMA-FRANCOPHONE_Web-banner_NO-1024x577.png","thumbnail_width":1024,"thumbnail_height":577,"description":"Som en del av Frankofonifestivalen arrangerer Institut fran\u00e7ais de Norv\u00e8ge, sammen med en gruppe frankofone ambassader i Oslo, to films\u00f8ndager p\u00e5 Cinema Neuf den 23. og 30. mars, dedikert til franskspr\u00e5klige filmer. Bli med og oppdag et bredt spekter av filmtalenter fra Canada, Romania, Sveits, Tunisia og Frankrike. Billetter Billettene er tilgjengelige for forh\u00e5ndskj\u00f8p p\u00e5 [&hellip;]"}