{"version":"1.0","provider_name":"Institut fran\u00e7ais","provider_url":"https:\/\/www.france.no\/no\/","author_name":"P\u00f4le Communication","author_url":"https:\/\/www.france.no\/no\/author\/polecom\/","title":"NUIT DES ID\u00c9ES ER TILBAKE I OSLO! - Institut fran\u00e7ais","type":"rich","width":600,"height":338,"html":"<blockquote class=\"wp-embedded-content\" data-secret=\"tZGRA3cuAl\"><a href=\"https:\/\/www.france.no\/no\/2025\/kultur\/nuit-des-idees-er-tilbake-i-oslo\/\">NUIT DES ID\u00c9ES ER TILBAKE I OSLO!<\/a><\/blockquote><iframe sandbox=\"allow-scripts\" security=\"restricted\" src=\"https:\/\/www.france.no\/no\/2025\/kultur\/nuit-des-idees-er-tilbake-i-oslo\/embed\/#?secret=tZGRA3cuAl\" width=\"600\" height=\"338\" title=\"&laquo;NUIT DES ID\u00c9ES ER TILBAKE I OSLO!&raquo; &#8212; Institut fran\u00e7ais\" data-secret=\"tZGRA3cuAl\" frameborder=\"0\" marginwidth=\"0\" marginheight=\"0\" scrolling=\"no\" class=\"wp-embedded-content\"><\/iframe><script>\n\/*! This file is auto-generated *\/\n!function(d,l){\"use strict\";l.querySelector&&d.addEventListener&&\"undefined\"!=typeof URL&&(d.wp=d.wp||{},d.wp.receiveEmbedMessage||(d.wp.receiveEmbedMessage=function(e){var t=e.data;if((t||t.secret||t.message||t.value)&&!\/[^a-zA-Z0-9]\/.test(t.secret)){for(var s,r,n,a=l.querySelectorAll('iframe[data-secret=\"'+t.secret+'\"]'),o=l.querySelectorAll('blockquote[data-secret=\"'+t.secret+'\"]'),c=new RegExp(\"^https?:$\",\"i\"),i=0;i<o.length;i++)o[i].style.display=\"none\";for(i=0;i<a.length;i++)s=a[i],e.source===s.contentWindow&&(s.removeAttribute(\"style\"),\"height\"===t.message?(1e3<(r=parseInt(t.value,10))?r=1e3:~~r<200&&(r=200),s.height=r):\"link\"===t.message&&(r=new URL(s.getAttribute(\"src\")),n=new URL(t.value),c.test(n.protocol))&&n.host===r.host&&l.activeElement===s&&(d.top.location.href=t.value))}},d.addEventListener(\"message\",d.wp.receiveEmbedMessage,!1),l.addEventListener(\"DOMContentLoaded\",function(){for(var e,t,s=l.querySelectorAll(\"iframe.wp-embedded-content\"),r=0;r<s.length;r++)(t=(e=s[r]).getAttribute(\"data-secret\"))||(t=Math.random().toString(36).substring(2,12),e.src+=\"#?secret=\"+t,e.setAttribute(\"data-secret\",t)),e.contentWindow.postMessage({message:\"ready\",secret:t},\"*\")},!1)))}(window,document);\n\/\/# sourceURL=https:\/\/www.france.no\/wp-includes\/js\/wp-embed.min.js\n<\/script>\n","thumbnail_url":"https:\/\/www.france.no\/wp-content\/uploads\/2025\/09\/Nuit-des-idees-2025-siteweb-1024x575.png","thumbnail_width":1024,"thumbnail_height":575,"description":"Institut fran\u00e7ais de Norv\u00e8ge inviterer til en ny utgave av Nuit des id\u00e9es (Id\u00e9natten), som finner sted 12. og 13. september p\u00e5 Grefsenkollen, med temaet \u00abPower to Act\u00bb. Skogen har blitt et sentralt element i klimakampen og et rom for motstand mot global overproduksjon. B\u00e5de i Norge og Frankrike fungerer skogen som en arena for [&hellip;]"}