{"version":"1.0","provider_name":"Institut fran\u00e7ais","provider_url":"https:\/\/www.france.no\/no\/","author_name":"J\u00e9r\u00f4me ANDR\u00c9","author_url":"https:\/\/www.france.no\/no\/author\/jerome\/","title":"Institut fran\u00e7ais de Norv\u00e8ge - Institut fran\u00e7ais","type":"rich","width":600,"height":338,"html":"<blockquote class=\"wp-embedded-content\" data-secret=\"VagxN6vvUC\"><a href=\"https:\/\/www.france.no\/no\/om-institut-francais-de-norvege\/\">Institut fran\u00e7ais de Norv\u00e8ge<\/a><\/blockquote><iframe sandbox=\"allow-scripts\" security=\"restricted\" src=\"https:\/\/www.france.no\/no\/om-institut-francais-de-norvege\/embed\/#?secret=VagxN6vvUC\" width=\"600\" height=\"338\" title=\"&laquo;Institut fran\u00e7ais de Norv\u00e8ge&raquo; &#8212; Institut fran\u00e7ais\" data-secret=\"VagxN6vvUC\" frameborder=\"0\" marginwidth=\"0\" marginheight=\"0\" scrolling=\"no\" class=\"wp-embedded-content\"><\/iframe><script>\n\/*! This file is auto-generated *\/\n!function(d,l){\"use strict\";l.querySelector&&d.addEventListener&&\"undefined\"!=typeof URL&&(d.wp=d.wp||{},d.wp.receiveEmbedMessage||(d.wp.receiveEmbedMessage=function(e){var t=e.data;if((t||t.secret||t.message||t.value)&&!\/[^a-zA-Z0-9]\/.test(t.secret)){for(var s,r,n,a=l.querySelectorAll('iframe[data-secret=\"'+t.secret+'\"]'),o=l.querySelectorAll('blockquote[data-secret=\"'+t.secret+'\"]'),c=new RegExp(\"^https?:$\",\"i\"),i=0;i<o.length;i++)o[i].style.display=\"none\";for(i=0;i<a.length;i++)s=a[i],e.source===s.contentWindow&&(s.removeAttribute(\"style\"),\"height\"===t.message?(1e3<(r=parseInt(t.value,10))?r=1e3:~~r<200&&(r=200),s.height=r):\"link\"===t.message&&(r=new URL(s.getAttribute(\"src\")),n=new URL(t.value),c.test(n.protocol))&&n.host===r.host&&l.activeElement===s&&(d.top.location.href=t.value))}},d.addEventListener(\"message\",d.wp.receiveEmbedMessage,!1),l.addEventListener(\"DOMContentLoaded\",function(){for(var e,t,s=l.querySelectorAll(\"iframe.wp-embedded-content\"),r=0;r<s.length;r++)(t=(e=s[r]).getAttribute(\"data-secret\"))||(t=Math.random().toString(36).substring(2,12),e.src+=\"#?secret=\"+t,e.setAttribute(\"data-secret\",t)),e.contentWindow.postMessage({message:\"ready\",secret:t},\"*\")},!1)))}(window,document);\n\/\/# sourceURL=https:\/\/www.france.no\/wp-includes\/js\/wp-embed.min.js\n<\/script>\n","thumbnail_url":"https:\/\/www.france.no\/wp-content\/uploads\/2026\/02\/factory-1030x617.jpg","thumbnail_width":1030,"thumbnail_height":686,"description":"Hvem er vi? Underlagt det franske Utenriksdepartementet (Minist\u00e8re de l\u2019Europe et des Affaires \u00e9trang\u00e8res) er Institut fran\u00e7ais de Norv\u00e8ge en del av nettverket av 101 franske kulturinstitutter verden over. Institut fran\u00e7ais de Norv\u00e8ge har v\u00e6rt til stede i Norge siden 1963 og har som oppdrag \u00e5 fremme fransk-norsk samarbeid innen f\u00f8lgende omr\u00e5der: V\u00e5re aktiviteter har [&hellip;]"}