{"id":10548,"date":"2025-01-17T12:20:07","date_gmt":"2025-01-17T11:20:07","guid":{"rendered":"https:\/\/www.france.no\/?page_id=10548"},"modified":"2025-01-29T15:22:13","modified_gmt":"2025-01-29T14:22:13","slug":"fra-oslo-til-caen-ingrids-erfaringer-med-a-studere-fransk-didaktikk-i-frankrike","status":"publish","type":"page","link":"https:\/\/www.france.no\/no\/universiteter\/hoyere-utdanning-og-postdoktorstillinger\/studenthistorier\/fra-oslo-til-caen-ingrids-erfaringer-med-a-studere-fransk-didaktikk-i-frankrike\/","title":{"rendered":"Fra Oslo til Caen \u2013 Ingrids erfaringer med \u00e5 studere fransk didaktikk i Frankrike"},"content":{"rendered":"\n<div class=\"wp-block-media-text has-media-on-the-right is-stacked-on-mobile\" style=\"grid-template-columns:auto 30%\"><div class=\"wp-block-media-text__content\">\n<p><strong>Kan du presentere deg selv?<\/strong><\/p>\n\n\n\n<p>Hei, jeg heter Ingrid, er 20 \u00e5r gammel og kommer fra Oslo. Jeg har v\u00e6rt i Frankrike to ganger: f\u00f8rst i Fontenay-le-Comte gjennom Institut fran\u00e7ais de Norv\u00e8ge, og senere et \u00e5r med studier i Caen.<\/p>\n<\/div><figure class=\"wp-block-media-text__media\"><img loading=\"lazy\" decoding=\"async\" width=\"866\" height=\"1006\" src=\"https:\/\/www.france.no\/wp-content\/uploads\/2025\/01\/Untitled-design-1.png\" alt=\"\" class=\"wp-image-10455 size-full\" srcset=\"https:\/\/www.france.no\/wp-content\/uploads\/2025\/01\/Untitled-design-1.png 866w, https:\/\/www.france.no\/wp-content\/uploads\/2025\/01\/Untitled-design-1-258x300.png 258w, https:\/\/www.france.no\/wp-content\/uploads\/2025\/01\/Untitled-design-1-768x892.png 768w\" sizes=\"auto, (max-width: 866px) 100vw, 866px\" \/><\/figure><\/div>\n\n\n\n<p><strong>Kan du fortelle litt om studiel\u00f8pet ditt?<\/strong><\/p>\n\n\n\n<p>Jeg tok et ett\u00e5rsstudium (60 studiepoeng) i fransk didaktikk gjennom NTNU. Det er egentlig et etterutdanningstilbud for l\u00e6rerstudenter, men det er \u00e5pent for alle som vil fordype seg i franskkunnskaper og l\u00e6re mer om fransk kultur. For meg var dette \u00e5ret et fint alternativ til et \u00abfri\u00e5r\u00bb p\u00e5 folkeh\u00f8gskole.<\/p>\n\n\n\n<p><strong><strong>Hvorfor valgte du \u00e5 studere i Frankrike?<\/strong><\/strong><\/p>\n\n\n\n<p>Da jeg dro til Frankrike f\u00f8rste gang, p\u00e5 videreg\u00e5ende, ville jeg utfordre meg selv. Jeg hadde h\u00f8rt mye om det franske skolesystemet, og det virket spennende \u00e5 oppleve en helt annen hverdag enn den vi er vant til i Norge.<\/p>\n\n\n\n<p>I tillegg \u00f8nsket jeg \u00e5 l\u00e6re et nytt spr\u00e5k s\u00e5 godt at jeg faktisk kunne bruke det i fremtiden.<\/p>\n\n\n\n<p><strong><strong>Hvordan var dine f\u00f8rste uker i Frankrike? Var det for eksempel lett \u00e5 finne bolig?<\/strong><\/strong><\/p>\n\n\n\n<p>\u00c5rsstudiet i didaktikk i Caen er et samarbeid mellom NTNU og Universitetet i Caen, s\u00e5 de er vant til \u00e5 ta imot nordmenn. Den f\u00f8rste tiden gikk derfor ganske greit.<\/p>\n\n\n\n<p>Boligmarkedet kan v\u00e6re litt presset, men det ordner seg som regel raskt. Universitetet hjelper ogs\u00e5 med de administrative tingene man m\u00e5 fikse n\u00e5r man flytter.<\/p>\n\n\n\n<p><strong>Har du m\u00f8tt p\u00e5 noen vanskeligheter, for eksempel med spr\u00e5ket?<\/strong><\/p>\n\n\n\n<p>I starten er det vanskelig. Man f\u00f8ler at man ikke kan noe, men etter hvert l\u00e6rer man mer, og plutselig snakker man fransk. F\u00f8r jeg dro til videreg\u00e5ende, kunne jeg ikke forestille meg at jeg skulle klare \u00e5 g\u00e5 p\u00e5 skole og prestere p\u00e5 samme niv\u00e5 som franske ungdommer.<\/p>\n\n\n\n<p>Svaret er at n\u00e5r man h\u00f8rer spr\u00e5ket rundt seg hele tiden og m\u00e5 hoppe ut i det, skjer det nesten av seg selv! Det er utrolig hvor raskt hjernen kan tilegne seg et nytt spr\u00e5k.<\/p>\n\n\n\n<p><strong>Hvilke kulturforskjeller har du lagt merke til?<\/strong><\/p>\n\n\n\n<p>Det franske skolesystemet er veldig annerledes. L\u00e6rerne er mer direkte, men i Caen opplevde jeg dem som veldig st\u00f8ttende ogs\u00e5.<\/p>\n\n\n\n<p>Det viktigste er \u00e5 akseptere at fransk kultur ikke er norsk kultur. Hvis man respekterer det og tar ting som de er, blir man godt tatt imot.<\/p>\n\n\n\n<p><strong>Hvordan er studentlivet i Frankrike?<\/strong><\/p>\n\n\n\n<p>Studentlivet i Frankrike er ofte mer tidkrevende enn i Norge. Mange franske studenter har ikke tid til \u00e5 jobbe ved siden av studiene.<\/p>\n\n\n\n<p>Undervisningen er ogs\u00e5 mindre selvstendig og mer obligatorisk, men dette avhenger av hvilket studie man tar. N\u00e5r det er sagt, er studentlivet sosialt og morsomt, akkurat som i Norge. Det er alltid spennende arrangementer og aktiviteter \u00e5 bli med p\u00e5.<\/p>\n\n\n\n<p><strong>Ville du anbefalt andre \u00e5 studere i Frankrike?<\/strong><\/p>\n\n\n\n<p>Ja, absolutt! Kanskje ikke n\u00f8dvendigvis en hel grad, men et par m\u00e5neder eller et \u00e5r med utveksling. Noe av det mest givende er vennene og bekjentskapene man f\u00e5r, i tillegg til alle de nye perspektivene, erfaringene og opplevelsene.<\/p>\n\n\n\n<p><strong>Hva er ditt beste r\u00e5d til en som \u00f8nsker \u00e5 studere i Frankrike?<\/strong><\/p>\n\n\n\n<p>Hopp ut i det! Ikke v\u00e6r redd \u2013 franskmenn kan virke litt skumle i starten, men n\u00e5r man blir kjent med dem, er de faktisk veldig hyggelige.<\/p>\n\n\n\n<hr class=\"wp-block-separator has-alpha-channel-opacity\"\/>\n\n\n\n<h3 class=\"wp-block-heading\"><strong>Vil du vite mer om studier i Frankrike? <\/strong><\/h3>\n\n\n\n<p>Bes\u00f8k siden til <a href=\"https:\/\/www.norvege.campusfrance.org\/\" target=\"_blank\" rel=\"noreferrer noopener\">Campus France<\/a> eller kontakt oss p\u00e5 e-post: <a href=\"mailto:studier@france.no\" target=\"_blank\" rel=\"noreferrer noopener\">studier@france.no<\/a>.<\/p>\n","protected":false},"excerpt":{"rendered":"<p>Kan du presentere deg selv? Hei, jeg heter Ingrid, er 20 \u00e5r gammel og kommer fra Oslo. Jeg har v\u00e6rt i Frankrike to ganger: f\u00f8rst i Fontenay-le-Comte gjennom Institut fran\u00e7ais de Norv\u00e8ge, og senere et \u00e5r med studier i Caen. Kan du fortelle litt om studiel\u00f8pet ditt? Jeg tok et ett\u00e5rsstudium (60 studiepoeng) i fransk [&hellip;]<\/p>\n","protected":false},"author":6,"featured_media":0,"parent":10383,"menu_order":0,"comment_status":"closed","ping_status":"closed","template":"","meta":{"footnotes":""},"categories":[15],"class_list":["post-10548","page","type-page","status-publish","hentry","category-universitetene","no-media"],"yoast_head":"<!-- This site is optimized with the Yoast SEO plugin v24.2 - https:\/\/yoast.com\/wordpress\/plugins\/seo\/ -->\n<title>Fra Oslo til Caen \u2013 Ingrids erfaringer med \u00e5 studere fransk didaktikk i Frankrike - Institut fran\u00e7ais<\/title>\n<meta name=\"robots\" content=\"index, follow, max-snippet:-1, max-image-preview:large, max-video-preview:-1\" \/>\n<link rel=\"canonical\" href=\"https:\/\/www.france.no\/no\/universiteter\/hoyere-utdanning-og-postdoktorstillinger\/studenthistorier\/fra-oslo-til-caen-ingrids-erfaringer-med-a-studere-fransk-didaktikk-i-frankrike\/\" \/>\n<meta property=\"og:locale\" content=\"nb_NO\" \/>\n<meta property=\"og:type\" content=\"article\" \/>\n<meta property=\"og:title\" content=\"Fra Oslo til Caen \u2013 Ingrids erfaringer med \u00e5 studere fransk didaktikk i Frankrike - Institut fran\u00e7ais\" \/>\n<meta property=\"og:description\" content=\"Kan du presentere deg selv? Hei, jeg heter Ingrid, er 20 \u00e5r gammel og kommer fra Oslo. Jeg har v\u00e6rt i Frankrike to ganger: f\u00f8rst i Fontenay-le-Comte gjennom Institut fran\u00e7ais de Norv\u00e8ge, og senere et \u00e5r med studier i Caen. Kan du fortelle litt om studiel\u00f8pet ditt? Jeg tok et ett\u00e5rsstudium (60 studiepoeng) i fransk [&hellip;]\" \/>\n<meta property=\"og:url\" content=\"https:\/\/www.france.no\/no\/universiteter\/hoyere-utdanning-og-postdoktorstillinger\/studenthistorier\/fra-oslo-til-caen-ingrids-erfaringer-med-a-studere-fransk-didaktikk-i-frankrike\/\" \/>\n<meta property=\"og:site_name\" content=\"Institut fran\u00e7ais\" \/>\n<meta property=\"article:publisher\" content=\"https:\/\/www.facebook.com\/institutfrancaisoslo\" \/>\n<meta property=\"article:modified_time\" content=\"2025-01-29T14:22:13+00:00\" \/>\n<meta property=\"og:image\" content=\"https:\/\/www.france.no\/wp-content\/uploads\/2025\/01\/Untitled-design-1-866x617.png\" \/>\n\t<meta property=\"og:image:width\" content=\"866\" \/>\n\t<meta property=\"og:image:height\" content=\"1006\" \/>\n\t<meta property=\"og:image:type\" content=\"image\/png\" \/>\n<meta name=\"twitter:card\" content=\"summary_large_image\" \/>\n<meta name=\"twitter:site\" content=\"@ifnorvege\" \/>\n<meta name=\"twitter:label1\" content=\"Ansl. lesetid\" \/>\n\t<meta name=\"twitter:data1\" content=\"4 minutter\" \/>\n<script type=\"application\/ld+json\" class=\"yoast-schema-graph\">{\"@context\":\"https:\/\/schema.org\",\"@graph\":[{\"@type\":\"WebPage\",\"@id\":\"https:\/\/www.france.no\/no\/universiteter\/hoyere-utdanning-og-postdoktorstillinger\/studenthistorier\/fra-oslo-til-caen-ingrids-erfaringer-med-a-studere-fransk-didaktikk-i-frankrike\/\",\"url\":\"https:\/\/www.france.no\/no\/universiteter\/hoyere-utdanning-og-postdoktorstillinger\/studenthistorier\/fra-oslo-til-caen-ingrids-erfaringer-med-a-studere-fransk-didaktikk-i-frankrike\/\",\"name\":\"Fra Oslo til Caen \u2013 Ingrids erfaringer med \u00e5 studere fransk didaktikk i Frankrike - Institut fran\u00e7ais\",\"isPartOf\":{\"@id\":\"https:\/\/www.france.no\/no\/#website\"},\"primaryImageOfPage\":{\"@id\":\"https:\/\/www.france.no\/no\/universiteter\/hoyere-utdanning-og-postdoktorstillinger\/studenthistorier\/fra-oslo-til-caen-ingrids-erfaringer-med-a-studere-fransk-didaktikk-i-frankrike\/#primaryimage\"},\"image\":{\"@id\":\"https:\/\/www.france.no\/no\/universiteter\/hoyere-utdanning-og-postdoktorstillinger\/studenthistorier\/fra-oslo-til-caen-ingrids-erfaringer-med-a-studere-fransk-didaktikk-i-frankrike\/#primaryimage\"},\"thumbnailUrl\":\"https:\/\/www.france.no\/wp-content\/uploads\/2025\/01\/Untitled-design-1.png\",\"datePublished\":\"2025-01-17T11:20:07+00:00\",\"dateModified\":\"2025-01-29T14:22:13+00:00\",\"breadcrumb\":{\"@id\":\"https:\/\/www.france.no\/no\/universiteter\/hoyere-utdanning-og-postdoktorstillinger\/studenthistorier\/fra-oslo-til-caen-ingrids-erfaringer-med-a-studere-fransk-didaktikk-i-frankrike\/#breadcrumb\"},\"inLanguage\":\"nb-NO\",\"potentialAction\":[{\"@type\":\"ReadAction\",\"target\":[\"https:\/\/www.france.no\/no\/universiteter\/hoyere-utdanning-og-postdoktorstillinger\/studenthistorier\/fra-oslo-til-caen-ingrids-erfaringer-med-a-studere-fransk-didaktikk-i-frankrike\/\"]}]},{\"@type\":\"ImageObject\",\"inLanguage\":\"nb-NO\",\"@id\":\"https:\/\/www.france.no\/no\/universiteter\/hoyere-utdanning-og-postdoktorstillinger\/studenthistorier\/fra-oslo-til-caen-ingrids-erfaringer-med-a-studere-fransk-didaktikk-i-frankrike\/#primaryimage\",\"url\":\"https:\/\/www.france.no\/wp-content\/uploads\/2025\/01\/Untitled-design-1.png\",\"contentUrl\":\"https:\/\/www.france.no\/wp-content\/uploads\/2025\/01\/Untitled-design-1.png\"},{\"@type\":\"BreadcrumbList\",\"@id\":\"https:\/\/www.france.no\/no\/universiteter\/hoyere-utdanning-og-postdoktorstillinger\/studenthistorier\/fra-oslo-til-caen-ingrids-erfaringer-med-a-studere-fransk-didaktikk-i-frankrike\/#breadcrumb\",\"itemListElement\":[{\"@type\":\"ListItem\",\"position\":1,\"name\":\"\",\"item\":\"https:\/\/www.france.no\/no\/\"},{\"@type\":\"ListItem\",\"position\":2,\"name\":\"Universiteter\",\"item\":\"https:\/\/www.france.no\/no\/universiteter\/\"},{\"@type\":\"ListItem\",\"position\":3,\"name\":\"H\u00f8yere utdanning og postdoktorstillinger\",\"item\":\"https:\/\/www.france.no\/no\/universiteter\/hoyere-utdanning-og-postdoktorstillinger\/\"},{\"@type\":\"ListItem\",\"position\":4,\"name\":\"Studenthistorier\",\"item\":\"https:\/\/www.france.no\/no\/universiteter\/hoyere-utdanning-og-postdoktorstillinger\/studenthistorier\/\"},{\"@type\":\"ListItem\",\"position\":5,\"name\":\"Fra Oslo til Caen \u2013 Ingrids erfaringer med \u00e5 studere fransk didaktikk i Frankrike\"}]},{\"@type\":\"WebSite\",\"@id\":\"https:\/\/www.france.no\/no\/#website\",\"url\":\"https:\/\/www.france.no\/no\/\",\"name\":\"Institut fran\u00e7ais\",\"description\":\"Norv\u00e8ge\",\"publisher\":{\"@id\":\"https:\/\/www.france.no\/no\/#organization\"},\"potentialAction\":[{\"@type\":\"SearchAction\",\"target\":{\"@type\":\"EntryPoint\",\"urlTemplate\":\"https:\/\/www.france.no\/no\/?s={search_term_string}\"},\"query-input\":{\"@type\":\"PropertyValueSpecification\",\"valueRequired\":true,\"valueName\":\"search_term_string\"}}],\"inLanguage\":\"nb-NO\"},{\"@type\":\"Organization\",\"@id\":\"https:\/\/www.france.no\/no\/#organization\",\"name\":\"Institut fran\u00e7ais\",\"url\":\"https:\/\/www.france.no\/no\/\",\"logo\":{\"@type\":\"ImageObject\",\"inLanguage\":\"nb-NO\",\"@id\":\"https:\/\/www.france.no\/no\/#\/schema\/logo\/image\/\",\"url\":\"https:\/\/www.france.no\/wp-content\/uploads\/2022\/11\/IF_Logo_Sans_Bleu_RVB.png\",\"contentUrl\":\"https:\/\/www.france.no\/wp-content\/uploads\/2022\/11\/IF_Logo_Sans_Bleu_RVB.png\",\"width\":852,\"height\":591,\"caption\":\"Institut fran\u00e7ais\"},\"image\":{\"@id\":\"https:\/\/www.france.no\/no\/#\/schema\/logo\/image\/\"},\"sameAs\":[\"https:\/\/www.facebook.com\/institutfrancaisoslo\",\"https:\/\/x.com\/ifnorvege\",\"https:\/\/instagram.com\/ifnorvege\"]}]}<\/script>\n<!-- \/ Yoast SEO plugin. -->","yoast_head_json":{"title":"Fra Oslo til Caen \u2013 Ingrids erfaringer med \u00e5 studere fransk didaktikk i Frankrike - Institut fran\u00e7ais","robots":{"index":"index","follow":"follow","max-snippet":"max-snippet:-1","max-image-preview":"max-image-preview:large","max-video-preview":"max-video-preview:-1"},"canonical":"https:\/\/www.france.no\/no\/universiteter\/hoyere-utdanning-og-postdoktorstillinger\/studenthistorier\/fra-oslo-til-caen-ingrids-erfaringer-med-a-studere-fransk-didaktikk-i-frankrike\/","og_locale":"nb_NO","og_type":"article","og_title":"Fra Oslo til Caen \u2013 Ingrids erfaringer med \u00e5 studere fransk didaktikk i Frankrike - Institut fran\u00e7ais","og_description":"Kan du presentere deg selv? Hei, jeg heter Ingrid, er 20 \u00e5r gammel og kommer fra Oslo. Jeg har v\u00e6rt i Frankrike to ganger: f\u00f8rst i Fontenay-le-Comte gjennom Institut fran\u00e7ais de Norv\u00e8ge, og senere et \u00e5r med studier i Caen. Kan du fortelle litt om studiel\u00f8pet ditt? Jeg tok et ett\u00e5rsstudium (60 studiepoeng) i fransk [&hellip;]","og_url":"https:\/\/www.france.no\/no\/universiteter\/hoyere-utdanning-og-postdoktorstillinger\/studenthistorier\/fra-oslo-til-caen-ingrids-erfaringer-med-a-studere-fransk-didaktikk-i-frankrike\/","og_site_name":"Institut fran\u00e7ais","article_publisher":"https:\/\/www.facebook.com\/institutfrancaisoslo","article_modified_time":"2025-01-29T14:22:13+00:00","og_image":[{"width":866,"height":1006,"url":"https:\/\/www.france.no\/wp-content\/uploads\/2025\/01\/Untitled-design-1-866x617.png","type":"image\/png"}],"twitter_card":"summary_large_image","twitter_site":"@ifnorvege","twitter_misc":{"Ansl. lesetid":"4 minutter"},"schema":{"@context":"https:\/\/schema.org","@graph":[{"@type":"WebPage","@id":"https:\/\/www.france.no\/no\/universiteter\/hoyere-utdanning-og-postdoktorstillinger\/studenthistorier\/fra-oslo-til-caen-ingrids-erfaringer-med-a-studere-fransk-didaktikk-i-frankrike\/","url":"https:\/\/www.france.no\/no\/universiteter\/hoyere-utdanning-og-postdoktorstillinger\/studenthistorier\/fra-oslo-til-caen-ingrids-erfaringer-med-a-studere-fransk-didaktikk-i-frankrike\/","name":"Fra Oslo til Caen \u2013 Ingrids erfaringer med \u00e5 studere fransk didaktikk i Frankrike - Institut fran\u00e7ais","isPartOf":{"@id":"https:\/\/www.france.no\/no\/#website"},"primaryImageOfPage":{"@id":"https:\/\/www.france.no\/no\/universiteter\/hoyere-utdanning-og-postdoktorstillinger\/studenthistorier\/fra-oslo-til-caen-ingrids-erfaringer-med-a-studere-fransk-didaktikk-i-frankrike\/#primaryimage"},"image":{"@id":"https:\/\/www.france.no\/no\/universiteter\/hoyere-utdanning-og-postdoktorstillinger\/studenthistorier\/fra-oslo-til-caen-ingrids-erfaringer-med-a-studere-fransk-didaktikk-i-frankrike\/#primaryimage"},"thumbnailUrl":"https:\/\/www.france.no\/wp-content\/uploads\/2025\/01\/Untitled-design-1.png","datePublished":"2025-01-17T11:20:07+00:00","dateModified":"2025-01-29T14:22:13+00:00","breadcrumb":{"@id":"https:\/\/www.france.no\/no\/universiteter\/hoyere-utdanning-og-postdoktorstillinger\/studenthistorier\/fra-oslo-til-caen-ingrids-erfaringer-med-a-studere-fransk-didaktikk-i-frankrike\/#breadcrumb"},"inLanguage":"nb-NO","potentialAction":[{"@type":"ReadAction","target":["https:\/\/www.france.no\/no\/universiteter\/hoyere-utdanning-og-postdoktorstillinger\/studenthistorier\/fra-oslo-til-caen-ingrids-erfaringer-med-a-studere-fransk-didaktikk-i-frankrike\/"]}]},{"@type":"ImageObject","inLanguage":"nb-NO","@id":"https:\/\/www.france.no\/no\/universiteter\/hoyere-utdanning-og-postdoktorstillinger\/studenthistorier\/fra-oslo-til-caen-ingrids-erfaringer-med-a-studere-fransk-didaktikk-i-frankrike\/#primaryimage","url":"https:\/\/www.france.no\/wp-content\/uploads\/2025\/01\/Untitled-design-1.png","contentUrl":"https:\/\/www.france.no\/wp-content\/uploads\/2025\/01\/Untitled-design-1.png"},{"@type":"BreadcrumbList","@id":"https:\/\/www.france.no\/no\/universiteter\/hoyere-utdanning-og-postdoktorstillinger\/studenthistorier\/fra-oslo-til-caen-ingrids-erfaringer-med-a-studere-fransk-didaktikk-i-frankrike\/#breadcrumb","itemListElement":[{"@type":"ListItem","position":1,"name":"","item":"https:\/\/www.france.no\/no\/"},{"@type":"ListItem","position":2,"name":"Universiteter","item":"https:\/\/www.france.no\/no\/universiteter\/"},{"@type":"ListItem","position":3,"name":"H\u00f8yere utdanning og postdoktorstillinger","item":"https:\/\/www.france.no\/no\/universiteter\/hoyere-utdanning-og-postdoktorstillinger\/"},{"@type":"ListItem","position":4,"name":"Studenthistorier","item":"https:\/\/www.france.no\/no\/universiteter\/hoyere-utdanning-og-postdoktorstillinger\/studenthistorier\/"},{"@type":"ListItem","position":5,"name":"Fra Oslo til Caen \u2013 Ingrids erfaringer med \u00e5 studere fransk didaktikk i Frankrike"}]},{"@type":"WebSite","@id":"https:\/\/www.france.no\/no\/#website","url":"https:\/\/www.france.no\/no\/","name":"Institut fran\u00e7ais","description":"Norv\u00e8ge","publisher":{"@id":"https:\/\/www.france.no\/no\/#organization"},"potentialAction":[{"@type":"SearchAction","target":{"@type":"EntryPoint","urlTemplate":"https:\/\/www.france.no\/no\/?s={search_term_string}"},"query-input":{"@type":"PropertyValueSpecification","valueRequired":true,"valueName":"search_term_string"}}],"inLanguage":"nb-NO"},{"@type":"Organization","@id":"https:\/\/www.france.no\/no\/#organization","name":"Institut fran\u00e7ais","url":"https:\/\/www.france.no\/no\/","logo":{"@type":"ImageObject","inLanguage":"nb-NO","@id":"https:\/\/www.france.no\/no\/#\/schema\/logo\/image\/","url":"https:\/\/www.france.no\/wp-content\/uploads\/2022\/11\/IF_Logo_Sans_Bleu_RVB.png","contentUrl":"https:\/\/www.france.no\/wp-content\/uploads\/2022\/11\/IF_Logo_Sans_Bleu_RVB.png","width":852,"height":591,"caption":"Institut fran\u00e7ais"},"image":{"@id":"https:\/\/www.france.no\/no\/#\/schema\/logo\/image\/"},"sameAs":["https:\/\/www.facebook.com\/institutfrancaisoslo","https:\/\/x.com\/ifnorvege","https:\/\/instagram.com\/ifnorvege"]}]}},"_links":{"self":[{"href":"https:\/\/www.france.no\/no\/wp-json\/wp\/v2\/pages\/10548","targetHints":{"allow":["GET"]}}],"collection":[{"href":"https:\/\/www.france.no\/no\/wp-json\/wp\/v2\/pages"}],"about":[{"href":"https:\/\/www.france.no\/no\/wp-json\/wp\/v2\/types\/page"}],"author":[{"embeddable":true,"href":"https:\/\/www.france.no\/no\/wp-json\/wp\/v2\/users\/6"}],"replies":[{"embeddable":true,"href":"https:\/\/www.france.no\/no\/wp-json\/wp\/v2\/comments?post=10548"}],"version-history":[{"count":14,"href":"https:\/\/www.france.no\/no\/wp-json\/wp\/v2\/pages\/10548\/revisions"}],"predecessor-version":[{"id":11215,"href":"https:\/\/www.france.no\/no\/wp-json\/wp\/v2\/pages\/10548\/revisions\/11215"}],"up":[{"embeddable":true,"href":"https:\/\/www.france.no\/no\/wp-json\/wp\/v2\/pages\/10383"}],"wp:attachment":[{"href":"https:\/\/www.france.no\/no\/wp-json\/wp\/v2\/media?parent=10548"}],"wp:term":[{"taxonomy":"category","embeddable":true,"href":"https:\/\/www.france.no\/no\/wp-json\/wp\/v2\/categories?post=10548"}],"curies":[{"name":"wp","href":"https:\/\/api.w.org\/{rel}","templated":true}]}}