{"id":10581,"date":"2025-01-17T12:19:43","date_gmt":"2025-01-17T11:19:43","guid":{"rendered":"https:\/\/www.france.no\/?page_id=10581"},"modified":"2025-01-23T15:03:31","modified_gmt":"2025-01-23T14:03:31","slug":"fra-saetre-til-paris-henriks-erfaringer-med-a-studere-ved-sciences-po","status":"publish","type":"page","link":"https:\/\/www.france.no\/no\/universiteter\/hoyere-utdanning-og-postdoktorstillinger\/studenthistorier\/fra-saetre-til-paris-henriks-erfaringer-med-a-studere-ved-sciences-po\/","title":{"rendered":"Fra S\u00e6tre til Paris \u2013 Henriks erfaringer med \u00e5 studere ved Sciences Po"},"content":{"rendered":"\n<div class=\"wp-block-media-text has-media-on-the-right is-stacked-on-mobile\" style=\"grid-template-columns:auto 30%\"><div class=\"wp-block-media-text__content\">\n<p><strong>Kan du presentere deg selv?<\/strong><\/p>\n\n\n\n<p>Jeg heter Henrik, er 25 \u00e5r og kommer fra S\u00e6tre p\u00e5 Hurumlandet. P\u00e5 videreg\u00e5ende var jeg p\u00e5 utveksling i Tyskland i et \u00e5r, hvor jeg l\u00e6rte meg tysk og fikk smaken p\u00e5 utlandet. Jeg ble ferdig med et fem\u00e5rig studiel\u00f8p ved Sciences Po Paris for litt over et \u00e5r siden. Jeg tok bachelor ved campusen i Reims og master i Paris.<\/p>\n\n\n\n<p>Det siste \u00e5ret har jeg jobbet som juniorekspert ved EFTA-hovedkvarteret i Gen\u00e8ve, og jeg er n\u00e5 i ferd med \u00e5 bli sikkerhetsklarert for \u00e5 begynne p\u00e5 aspirantkurset til Utenriksdepartementet.<\/p>\n<\/div><figure class=\"wp-block-media-text__media\"><img loading=\"lazy\" decoding=\"async\" width=\"277\" height=\"322\" src=\"https:\/\/www.france.no\/wp-content\/uploads\/2025\/01\/ARCTANDER_Henrik_Picture.jpg\" alt=\"\" class=\"wp-image-10518 size-full\" srcset=\"https:\/\/www.france.no\/wp-content\/uploads\/2025\/01\/ARCTANDER_Henrik_Picture.jpg 277w, https:\/\/www.france.no\/wp-content\/uploads\/2025\/01\/ARCTANDER_Henrik_Picture-258x300.jpg 258w\" sizes=\"auto, (max-width: 277px) 100vw, 277px\" \/><\/figure><\/div>\n\n\n\n<p><strong>Kan du fortelle litt om studiel\u00f8pet ditt?<\/strong><\/p>\n\n\n\n<p>Jeg s\u00f8kte meg til Sciences Po v\u00e5ren 2018, f\u00f8rst og fremst p\u00e5 grunn av deres tverrfaglige tiln\u00e6rming. Sciences Po Paris har syv campuser, men bare to av dem, Reims og Le Havre, tilbyr undervisning p\u00e5 engelsk. Siden jeg ikke snakket fransk, valgte jeg Reims.<\/p>\n\n\n\n<p>Jeg hadde to utrolig spennende \u00e5r i Reims, men det tredje \u00e5ret ble litt rart p\u00e5 grunn av pandemien. I 2021 flyttet jeg til Paris for \u00e5 ta masteren min der. I l\u00f8pet av det siste \u00e5ret p\u00e5 masteren fikk jeg jobb som geopolitisk r\u00e5dgiver hos Kering. Dette var et jobb\/studie-system som finnes i Frankrike, kalt \u00abalternance\u00bb. Arbeidsspr\u00e5ket var fransk, og det b\u00f8d p\u00e5 noen utfordringer, men f\u00f8rst og fremst forbedret det spr\u00e5kkunnskapene mine betydelig. Jeg setter stor pris p\u00e5 at jeg fikk den muligheten og at jeg v\u00e5get \u00e5 tre ut av komfortsonen min.<\/p>\n\n\n\n<p><strong>Hvorfor valgte du \u00e5 studere i Frankrike? Hvorfor akkurat Reims?<\/strong><\/p>\n\n\n\n<p>Jeg har alltid v\u00e6rt glad i Frankrike. Landet har mye bra \u00e5 by p\u00e5, som god mat og god vin. Etter utvekslingen i Tyskland f\u00f8lte jeg at jeg hadde f\u00e5tt litt selvtillit til \u00e5 bo i utlandet, s\u00e5 jeg \u00f8nsket \u00e5 oppleve mer. Jeg kikket p\u00e5 noen universiteter i Storbritannia, men \u00f8nsket \u00e5 l\u00e6re meg et nytt spr\u00e5k, s\u00e5 da ble det Frankrike.<\/p>\n\n\n\n<p>I tillegg til at Reims hadde undervisning p\u00e5 engelsk, spesialiserer de seg p\u00e5 relasjoner mellom Europa og Nord-Amerika, og campusen i Reims er den st\u00f8rste av de to engelskspr\u00e5klige.<\/p>\n\n\n\n<p><strong>Hvordan var dine f\u00f8rste uker i Frankrike?<\/strong><\/p>\n\n\n\n<p>Den f\u00f8rste tiden var litt krevende. Bare 10 dager etter at jeg kom til Frankrike, falt jeg ned fra et tre og brakk armen. Jeg m\u00e5tte opereres og tilbrakte nesten en uke p\u00e5 sykehuset \u2013 uten \u00e5 kunne et ord fransk! Det gjorde at jeg mistet den f\u00f8rste uken med fag. P\u00e5 grunn av den strenge oppm\u00f8tepolitikken i Frankrike, holdt noen av professorene p\u00e5 \u00e5 stryke meg, men det ordnet seg heldigvis til slutt. Det var en bratt l\u00e6ringskurve inn i voksenlivet!<\/p>\n\n\n\n<p>Samtidig var de f\u00f8rste ukene ogs\u00e5 preget av nye vennskap, l\u00e6ring og spennende utfordringer.<\/p>\n\n\n\n<p><strong>Har du m\u00f8tt p\u00e5 noen vanskeligheter, for eksempel med spr\u00e5ket?<\/strong><\/p>\n\n\n\n<p>Undervisningen de f\u00f8rste fire \u00e5rene var p\u00e5 engelsk, og det gikk stort sett helt greit. Nordmenn er jo heldige med mye engelskeksponering og er som regel ganske flinke i andrespr\u00e5ket sitt. Det var selvf\u00f8lgelig litt vanskeligere f\u00f8rste\u00e5ret, men jeg vil absolutt anbefale nordmenn \u00e5 ikke v\u00e6re redde for engelskspr\u00e5klige studier. Det gjorde det kanskje litt vanskeligere \u00e5 l\u00e6re seg fransk raskt, men etter hvert ble det bedre.<\/p>\n\n\n\n<p><strong>Hvilke kulturforskjeller har du lagt merke til?<\/strong><\/p>\n\n\n\n<p>Det hendte at studentmilj\u00f8ene delte seg litt mellom franske og internasjonale studenter, men jeg fikk meg likevel mange franske venner. Jeg ble mer og mer integrert i l\u00f8pet av studiene.<\/p>\n\n\n\n<p>Den franske skoledisiplinen var en stor omvelting fra det jeg var vant til. I tillegg er det mye st\u00f8rre fokus p\u00e5 mat, og franskmenn er generelt mindre reserverte enn nordmenn. Det franske samfunnet er ogs\u00e5 mye mer formelt.<\/p>\n\n\n\n<p><strong>Hvordan er studentlivet i Frankrike?<\/strong><\/p>\n\n\n\n<p>Sciences Po tok mesteparten av tiden min, s\u00e5 man m\u00e5 belage seg p\u00e5 at studiene, studiefester og venner fra studiene vil utgj\u00f8re det meste av utenlandstilv\u00e6relsen.<\/p>\n\n\n\n<p>Det er ikke alltid s\u00e5 lett \u00e5 bli kjent med franskmenn, s\u00e5 integreringen kan g\u00e5 litt sakte. P\u00e5 bachelorstudiet var det mange hjemmefester, og p\u00e5 masteren dro vi mye p\u00e5 barer og restauranter. Jeg var ogs\u00e5 aktiv i ANSA Frankrike og deltok p\u00e5 flere sosiale sammenkomster i den forbindelse.<\/p>\n\n\n\n<p>N\u00e5r det gjelder boligsituasjonen min, bodde jeg f\u00f8rst et stykke unna campus i Reims sammen med en franskmann og en italiener som ikke gikk p\u00e5 samme studie. Etter det flyttet jeg n\u00e6rmere campus og bodde med medstudenter fra Sciences Po. I Paris bodde jeg p\u00e5 mange forskjellige steder. Ett \u00e5r i Bastille, noen m\u00e5neder i Tolbiac, og en m\u00e5ned i Le Marais. Jeg bodde ogs\u00e5 i \u00e5tte m\u00e5neder sammen med en eldre dame i Trocadero.<\/p>\n\n\n\n<p><strong>Og hva med undervisningen?<\/strong><\/p>\n\n\n\n<p>Medstudentene mine var veldig disiplinerte, og fagniv\u00e5et var h\u00f8yt. Klasseromsstrukturen var veldig annerledes, med en hierarkisk og rigid undervisningsstil. Et godt eksempel p\u00e5 dette var at en av l\u00e6rerne mine ikke orket \u00e5 lese igjennom en innlevering jeg hadde, fordi jeg ikke fulgte metodikken vi hadde l\u00e6rt om i timene.<\/p>\n\n\n\n<p>Tross noen utfordringer, setter jeg stor pris p\u00e5 undervisningen jeg fikk. Den hjalp meg \u00e5 bygge arbeidsmoral og ledet til mange gode, l\u00e6rerike diskusjoner.<\/p>\n\n\n\n<p><strong>Ville du anbefalt andre \u00e5 studere i Frankrike?<\/strong><\/p>\n\n\n\n<p>Absolutt. Jeg anbefaler det veldig. \u00c5 studere i et annet land bygger karakter. Utenlandsopphold gir \u00f8kt forst\u00e5else og toleranse, og jeg tror verden blir et bedre sted hvis flere tar muligheten til \u00e5 tre ut av komfortsonen og bli kjent med et fremmed land og en annen kultur.<\/p>\n\n\n\n<p>Frankrike har mye \u00e5 by p\u00e5, og det er spennende \u00e5 se hvordan landet b\u00e5de ligner og skiller seg fra Norge. Rent praktisk er Frankrike n\u00e6rmere enn man skulle tro! Hvis du studerer i en annen norsk by, m\u00e5 du ofte ta fly dit uansett, s\u00e5 det er ikke s\u00e5 stor forskjell. En flytur mellom Oslo og Bergen f\u00f8les ikke n\u00f8dvendigvis s\u00e5 mye lenger enn en flytur mellom Oslo og Paris.<\/p>\n\n\n\n<p>Jeg st\u00e5r 100% inne for denne anbefalingen, men jeg vet at ikke alle er klare for \u00e5 bo i utlandet. Man m\u00e5 v\u00e6re forberedt p\u00e5 \u00e5 f\u00f8le ensomhet noen ganger, og at enkelte utfordringer kan v\u00e6re vanskeligere n\u00e5r man er langt hjemmefra. Men hvis man er klar over det og er ute etter noe nytt og spennende \u2013 da sier jeg bare: kj\u00f8r p\u00e5!<\/p>\n\n\n\n<hr class=\"wp-block-separator has-alpha-channel-opacity\"\/>\n\n\n\n<h3 class=\"wp-block-heading\"><strong>Vil du vite mer om studier i Frankrike? <\/strong><\/h3>\n\n\n\n<p>Bes\u00f8k siden til <a href=\"https:\/\/www.norvege.campusfrance.org\/\" target=\"_blank\" rel=\"noreferrer noopener\">Campus France<\/a> eller kontakt oss p\u00e5 e-post: <a href=\"mailto:studier@france.no\" target=\"_blank\" rel=\"noreferrer noopener\">studier@france.no<\/a>.<\/p>\n","protected":false},"excerpt":{"rendered":"<p>Kan du presentere deg selv? Jeg heter Henrik, er 25 \u00e5r og kommer fra S\u00e6tre p\u00e5 Hurumlandet. P\u00e5 videreg\u00e5ende var jeg p\u00e5 utveksling i Tyskland i et \u00e5r, hvor jeg l\u00e6rte meg tysk og fikk smaken p\u00e5 utlandet. Jeg ble ferdig med et fem\u00e5rig studiel\u00f8p ved Sciences Po Paris for litt over et \u00e5r siden. [&hellip;]<\/p>\n","protected":false},"author":6,"featured_media":0,"parent":10383,"menu_order":0,"comment_status":"closed","ping_status":"closed","template":"","meta":{"footnotes":""},"categories":[15],"class_list":["post-10581","page","type-page","status-publish","hentry","category-universitetene","no-media"],"yoast_head":"<!-- This site is optimized with the Yoast SEO plugin v24.2 - https:\/\/yoast.com\/wordpress\/plugins\/seo\/ -->\n<title>Fra S\u00e6tre til Paris \u2013 Henriks erfaringer med \u00e5 studere ved Sciences Po - Institut fran\u00e7ais<\/title>\n<meta name=\"robots\" content=\"index, follow, max-snippet:-1, max-image-preview:large, max-video-preview:-1\" \/>\n<link rel=\"canonical\" href=\"https:\/\/www.france.no\/no\/universiteter\/hoyere-utdanning-og-postdoktorstillinger\/studenthistorier\/fra-saetre-til-paris-henriks-erfaringer-med-a-studere-ved-sciences-po\/\" \/>\n<meta property=\"og:locale\" content=\"nb_NO\" \/>\n<meta property=\"og:type\" content=\"article\" \/>\n<meta property=\"og:title\" content=\"Fra S\u00e6tre til Paris \u2013 Henriks erfaringer med \u00e5 studere ved Sciences Po - Institut fran\u00e7ais\" \/>\n<meta property=\"og:description\" content=\"Kan du presentere deg selv? Jeg heter Henrik, er 25 \u00e5r og kommer fra S\u00e6tre p\u00e5 Hurumlandet. P\u00e5 videreg\u00e5ende var jeg p\u00e5 utveksling i Tyskland i et \u00e5r, hvor jeg l\u00e6rte meg tysk og fikk smaken p\u00e5 utlandet. Jeg ble ferdig med et fem\u00e5rig studiel\u00f8p ved Sciences Po Paris for litt over et \u00e5r siden. [&hellip;]\" \/>\n<meta property=\"og:url\" content=\"https:\/\/www.france.no\/no\/universiteter\/hoyere-utdanning-og-postdoktorstillinger\/studenthistorier\/fra-saetre-til-paris-henriks-erfaringer-med-a-studere-ved-sciences-po\/\" \/>\n<meta property=\"og:site_name\" content=\"Institut fran\u00e7ais\" \/>\n<meta property=\"article:publisher\" content=\"https:\/\/www.facebook.com\/institutfrancaisoslo\" \/>\n<meta property=\"article:modified_time\" content=\"2025-01-23T14:03:31+00:00\" \/>\n<meta property=\"og:image\" content=\"https:\/\/www.france.no\/wp-content\/uploads\/2025\/01\/ARCTANDER_Henrik_Picture.jpg\" \/>\n\t<meta property=\"og:image:width\" content=\"277\" \/>\n\t<meta property=\"og:image:height\" content=\"322\" \/>\n\t<meta property=\"og:image:type\" content=\"image\/jpeg\" \/>\n<meta name=\"twitter:card\" content=\"summary_large_image\" \/>\n<meta name=\"twitter:site\" content=\"@ifnorvege\" \/>\n<meta name=\"twitter:label1\" content=\"Ansl. lesetid\" \/>\n\t<meta name=\"twitter:data1\" content=\"6 minutter\" \/>\n<script type=\"application\/ld+json\" class=\"yoast-schema-graph\">{\"@context\":\"https:\/\/schema.org\",\"@graph\":[{\"@type\":\"WebPage\",\"@id\":\"https:\/\/www.france.no\/no\/universiteter\/hoyere-utdanning-og-postdoktorstillinger\/studenthistorier\/fra-saetre-til-paris-henriks-erfaringer-med-a-studere-ved-sciences-po\/\",\"url\":\"https:\/\/www.france.no\/no\/universiteter\/hoyere-utdanning-og-postdoktorstillinger\/studenthistorier\/fra-saetre-til-paris-henriks-erfaringer-med-a-studere-ved-sciences-po\/\",\"name\":\"Fra S\u00e6tre til Paris \u2013 Henriks erfaringer med \u00e5 studere ved Sciences Po - Institut fran\u00e7ais\",\"isPartOf\":{\"@id\":\"https:\/\/www.france.no\/no\/#website\"},\"primaryImageOfPage\":{\"@id\":\"https:\/\/www.france.no\/no\/universiteter\/hoyere-utdanning-og-postdoktorstillinger\/studenthistorier\/fra-saetre-til-paris-henriks-erfaringer-med-a-studere-ved-sciences-po\/#primaryimage\"},\"image\":{\"@id\":\"https:\/\/www.france.no\/no\/universiteter\/hoyere-utdanning-og-postdoktorstillinger\/studenthistorier\/fra-saetre-til-paris-henriks-erfaringer-med-a-studere-ved-sciences-po\/#primaryimage\"},\"thumbnailUrl\":\"https:\/\/www.france.no\/wp-content\/uploads\/2025\/01\/ARCTANDER_Henrik_Picture.jpg\",\"datePublished\":\"2025-01-17T11:19:43+00:00\",\"dateModified\":\"2025-01-23T14:03:31+00:00\",\"breadcrumb\":{\"@id\":\"https:\/\/www.france.no\/no\/universiteter\/hoyere-utdanning-og-postdoktorstillinger\/studenthistorier\/fra-saetre-til-paris-henriks-erfaringer-med-a-studere-ved-sciences-po\/#breadcrumb\"},\"inLanguage\":\"nb-NO\",\"potentialAction\":[{\"@type\":\"ReadAction\",\"target\":[\"https:\/\/www.france.no\/no\/universiteter\/hoyere-utdanning-og-postdoktorstillinger\/studenthistorier\/fra-saetre-til-paris-henriks-erfaringer-med-a-studere-ved-sciences-po\/\"]}]},{\"@type\":\"ImageObject\",\"inLanguage\":\"nb-NO\",\"@id\":\"https:\/\/www.france.no\/no\/universiteter\/hoyere-utdanning-og-postdoktorstillinger\/studenthistorier\/fra-saetre-til-paris-henriks-erfaringer-med-a-studere-ved-sciences-po\/#primaryimage\",\"url\":\"https:\/\/www.france.no\/wp-content\/uploads\/2025\/01\/ARCTANDER_Henrik_Picture.jpg\",\"contentUrl\":\"https:\/\/www.france.no\/wp-content\/uploads\/2025\/01\/ARCTANDER_Henrik_Picture.jpg\"},{\"@type\":\"BreadcrumbList\",\"@id\":\"https:\/\/www.france.no\/no\/universiteter\/hoyere-utdanning-og-postdoktorstillinger\/studenthistorier\/fra-saetre-til-paris-henriks-erfaringer-med-a-studere-ved-sciences-po\/#breadcrumb\",\"itemListElement\":[{\"@type\":\"ListItem\",\"position\":1,\"name\":\"\",\"item\":\"https:\/\/www.france.no\/no\/\"},{\"@type\":\"ListItem\",\"position\":2,\"name\":\"Universiteter\",\"item\":\"https:\/\/www.france.no\/no\/universiteter\/\"},{\"@type\":\"ListItem\",\"position\":3,\"name\":\"H\u00f8yere utdanning og postdoktorstillinger\",\"item\":\"https:\/\/www.france.no\/no\/universiteter\/hoyere-utdanning-og-postdoktorstillinger\/\"},{\"@type\":\"ListItem\",\"position\":4,\"name\":\"Studenthistorier\",\"item\":\"https:\/\/www.france.no\/no\/universiteter\/hoyere-utdanning-og-postdoktorstillinger\/studenthistorier\/\"},{\"@type\":\"ListItem\",\"position\":5,\"name\":\"Fra S\u00e6tre til Paris \u2013 Henriks erfaringer med \u00e5 studere ved Sciences Po\"}]},{\"@type\":\"WebSite\",\"@id\":\"https:\/\/www.france.no\/no\/#website\",\"url\":\"https:\/\/www.france.no\/no\/\",\"name\":\"Institut fran\u00e7ais\",\"description\":\"Norv\u00e8ge\",\"publisher\":{\"@id\":\"https:\/\/www.france.no\/no\/#organization\"},\"potentialAction\":[{\"@type\":\"SearchAction\",\"target\":{\"@type\":\"EntryPoint\",\"urlTemplate\":\"https:\/\/www.france.no\/no\/?s={search_term_string}\"},\"query-input\":{\"@type\":\"PropertyValueSpecification\",\"valueRequired\":true,\"valueName\":\"search_term_string\"}}],\"inLanguage\":\"nb-NO\"},{\"@type\":\"Organization\",\"@id\":\"https:\/\/www.france.no\/no\/#organization\",\"name\":\"Institut fran\u00e7ais\",\"url\":\"https:\/\/www.france.no\/no\/\",\"logo\":{\"@type\":\"ImageObject\",\"inLanguage\":\"nb-NO\",\"@id\":\"https:\/\/www.france.no\/no\/#\/schema\/logo\/image\/\",\"url\":\"https:\/\/www.france.no\/wp-content\/uploads\/2022\/11\/IF_Logo_Sans_Bleu_RVB.png\",\"contentUrl\":\"https:\/\/www.france.no\/wp-content\/uploads\/2022\/11\/IF_Logo_Sans_Bleu_RVB.png\",\"width\":852,\"height\":591,\"caption\":\"Institut fran\u00e7ais\"},\"image\":{\"@id\":\"https:\/\/www.france.no\/no\/#\/schema\/logo\/image\/\"},\"sameAs\":[\"https:\/\/www.facebook.com\/institutfrancaisoslo\",\"https:\/\/x.com\/ifnorvege\",\"https:\/\/instagram.com\/ifnorvege\"]}]}<\/script>\n<!-- \/ Yoast SEO plugin. -->","yoast_head_json":{"title":"Fra S\u00e6tre til Paris \u2013 Henriks erfaringer med \u00e5 studere ved Sciences Po - Institut fran\u00e7ais","robots":{"index":"index","follow":"follow","max-snippet":"max-snippet:-1","max-image-preview":"max-image-preview:large","max-video-preview":"max-video-preview:-1"},"canonical":"https:\/\/www.france.no\/no\/universiteter\/hoyere-utdanning-og-postdoktorstillinger\/studenthistorier\/fra-saetre-til-paris-henriks-erfaringer-med-a-studere-ved-sciences-po\/","og_locale":"nb_NO","og_type":"article","og_title":"Fra S\u00e6tre til Paris \u2013 Henriks erfaringer med \u00e5 studere ved Sciences Po - Institut fran\u00e7ais","og_description":"Kan du presentere deg selv? Jeg heter Henrik, er 25 \u00e5r og kommer fra S\u00e6tre p\u00e5 Hurumlandet. P\u00e5 videreg\u00e5ende var jeg p\u00e5 utveksling i Tyskland i et \u00e5r, hvor jeg l\u00e6rte meg tysk og fikk smaken p\u00e5 utlandet. Jeg ble ferdig med et fem\u00e5rig studiel\u00f8p ved Sciences Po Paris for litt over et \u00e5r siden. [&hellip;]","og_url":"https:\/\/www.france.no\/no\/universiteter\/hoyere-utdanning-og-postdoktorstillinger\/studenthistorier\/fra-saetre-til-paris-henriks-erfaringer-med-a-studere-ved-sciences-po\/","og_site_name":"Institut fran\u00e7ais","article_publisher":"https:\/\/www.facebook.com\/institutfrancaisoslo","article_modified_time":"2025-01-23T14:03:31+00:00","og_image":[{"width":277,"height":322,"url":"https:\/\/www.france.no\/wp-content\/uploads\/2025\/01\/ARCTANDER_Henrik_Picture.jpg","type":"image\/jpeg"}],"twitter_card":"summary_large_image","twitter_site":"@ifnorvege","twitter_misc":{"Ansl. lesetid":"6 minutter"},"schema":{"@context":"https:\/\/schema.org","@graph":[{"@type":"WebPage","@id":"https:\/\/www.france.no\/no\/universiteter\/hoyere-utdanning-og-postdoktorstillinger\/studenthistorier\/fra-saetre-til-paris-henriks-erfaringer-med-a-studere-ved-sciences-po\/","url":"https:\/\/www.france.no\/no\/universiteter\/hoyere-utdanning-og-postdoktorstillinger\/studenthistorier\/fra-saetre-til-paris-henriks-erfaringer-med-a-studere-ved-sciences-po\/","name":"Fra S\u00e6tre til Paris \u2013 Henriks erfaringer med \u00e5 studere ved Sciences Po - Institut fran\u00e7ais","isPartOf":{"@id":"https:\/\/www.france.no\/no\/#website"},"primaryImageOfPage":{"@id":"https:\/\/www.france.no\/no\/universiteter\/hoyere-utdanning-og-postdoktorstillinger\/studenthistorier\/fra-saetre-til-paris-henriks-erfaringer-med-a-studere-ved-sciences-po\/#primaryimage"},"image":{"@id":"https:\/\/www.france.no\/no\/universiteter\/hoyere-utdanning-og-postdoktorstillinger\/studenthistorier\/fra-saetre-til-paris-henriks-erfaringer-med-a-studere-ved-sciences-po\/#primaryimage"},"thumbnailUrl":"https:\/\/www.france.no\/wp-content\/uploads\/2025\/01\/ARCTANDER_Henrik_Picture.jpg","datePublished":"2025-01-17T11:19:43+00:00","dateModified":"2025-01-23T14:03:31+00:00","breadcrumb":{"@id":"https:\/\/www.france.no\/no\/universiteter\/hoyere-utdanning-og-postdoktorstillinger\/studenthistorier\/fra-saetre-til-paris-henriks-erfaringer-med-a-studere-ved-sciences-po\/#breadcrumb"},"inLanguage":"nb-NO","potentialAction":[{"@type":"ReadAction","target":["https:\/\/www.france.no\/no\/universiteter\/hoyere-utdanning-og-postdoktorstillinger\/studenthistorier\/fra-saetre-til-paris-henriks-erfaringer-med-a-studere-ved-sciences-po\/"]}]},{"@type":"ImageObject","inLanguage":"nb-NO","@id":"https:\/\/www.france.no\/no\/universiteter\/hoyere-utdanning-og-postdoktorstillinger\/studenthistorier\/fra-saetre-til-paris-henriks-erfaringer-med-a-studere-ved-sciences-po\/#primaryimage","url":"https:\/\/www.france.no\/wp-content\/uploads\/2025\/01\/ARCTANDER_Henrik_Picture.jpg","contentUrl":"https:\/\/www.france.no\/wp-content\/uploads\/2025\/01\/ARCTANDER_Henrik_Picture.jpg"},{"@type":"BreadcrumbList","@id":"https:\/\/www.france.no\/no\/universiteter\/hoyere-utdanning-og-postdoktorstillinger\/studenthistorier\/fra-saetre-til-paris-henriks-erfaringer-med-a-studere-ved-sciences-po\/#breadcrumb","itemListElement":[{"@type":"ListItem","position":1,"name":"","item":"https:\/\/www.france.no\/no\/"},{"@type":"ListItem","position":2,"name":"Universiteter","item":"https:\/\/www.france.no\/no\/universiteter\/"},{"@type":"ListItem","position":3,"name":"H\u00f8yere utdanning og postdoktorstillinger","item":"https:\/\/www.france.no\/no\/universiteter\/hoyere-utdanning-og-postdoktorstillinger\/"},{"@type":"ListItem","position":4,"name":"Studenthistorier","item":"https:\/\/www.france.no\/no\/universiteter\/hoyere-utdanning-og-postdoktorstillinger\/studenthistorier\/"},{"@type":"ListItem","position":5,"name":"Fra S\u00e6tre til Paris \u2013 Henriks erfaringer med \u00e5 studere ved Sciences Po"}]},{"@type":"WebSite","@id":"https:\/\/www.france.no\/no\/#website","url":"https:\/\/www.france.no\/no\/","name":"Institut fran\u00e7ais","description":"Norv\u00e8ge","publisher":{"@id":"https:\/\/www.france.no\/no\/#organization"},"potentialAction":[{"@type":"SearchAction","target":{"@type":"EntryPoint","urlTemplate":"https:\/\/www.france.no\/no\/?s={search_term_string}"},"query-input":{"@type":"PropertyValueSpecification","valueRequired":true,"valueName":"search_term_string"}}],"inLanguage":"nb-NO"},{"@type":"Organization","@id":"https:\/\/www.france.no\/no\/#organization","name":"Institut fran\u00e7ais","url":"https:\/\/www.france.no\/no\/","logo":{"@type":"ImageObject","inLanguage":"nb-NO","@id":"https:\/\/www.france.no\/no\/#\/schema\/logo\/image\/","url":"https:\/\/www.france.no\/wp-content\/uploads\/2022\/11\/IF_Logo_Sans_Bleu_RVB.png","contentUrl":"https:\/\/www.france.no\/wp-content\/uploads\/2022\/11\/IF_Logo_Sans_Bleu_RVB.png","width":852,"height":591,"caption":"Institut fran\u00e7ais"},"image":{"@id":"https:\/\/www.france.no\/no\/#\/schema\/logo\/image\/"},"sameAs":["https:\/\/www.facebook.com\/institutfrancaisoslo","https:\/\/x.com\/ifnorvege","https:\/\/instagram.com\/ifnorvege"]}]}},"_links":{"self":[{"href":"https:\/\/www.france.no\/no\/wp-json\/wp\/v2\/pages\/10581","targetHints":{"allow":["GET"]}}],"collection":[{"href":"https:\/\/www.france.no\/no\/wp-json\/wp\/v2\/pages"}],"about":[{"href":"https:\/\/www.france.no\/no\/wp-json\/wp\/v2\/types\/page"}],"author":[{"embeddable":true,"href":"https:\/\/www.france.no\/no\/wp-json\/wp\/v2\/users\/6"}],"replies":[{"embeddable":true,"href":"https:\/\/www.france.no\/no\/wp-json\/wp\/v2\/comments?post=10581"}],"version-history":[{"count":19,"href":"https:\/\/www.france.no\/no\/wp-json\/wp\/v2\/pages\/10581\/revisions"}],"predecessor-version":[{"id":11212,"href":"https:\/\/www.france.no\/no\/wp-json\/wp\/v2\/pages\/10581\/revisions\/11212"}],"up":[{"embeddable":true,"href":"https:\/\/www.france.no\/no\/wp-json\/wp\/v2\/pages\/10383"}],"wp:attachment":[{"href":"https:\/\/www.france.no\/no\/wp-json\/wp\/v2\/media?parent=10581"}],"wp:term":[{"taxonomy":"category","embeddable":true,"href":"https:\/\/www.france.no\/no\/wp-json\/wp\/v2\/categories?post=10581"}],"curies":[{"name":"wp","href":"https:\/\/api.w.org\/{rel}","templated":true}]}}