{"id":213,"date":"2025-03-12T12:26:25","date_gmt":"2025-03-12T11:26:25","guid":{"rendered":"https:\/\/www.france.no\/?page_id=213"},"modified":"2026-02-18T10:17:44","modified_gmt":"2026-02-18T09:17:44","slug":"om-institut-francais-de-norvege","status":"publish","type":"page","link":"https:\/\/www.france.no\/no\/om-institut-francais-de-norvege\/","title":{"rendered":"Institut fran\u00e7ais de Norv\u00e8ge"},"content":{"rendered":"\n<p class=\"has-accent-color has-text-color has-link-color has-large-font-size wp-elements-c97740a6973fde60304165fe312bb462\"><strong>Hvem er vi?<\/strong><\/p>\n\n\n\n<p>Underlagt det franske Utenriksdepartementet (Minist\u00e8re de l\u2019Europe et des Affaires \u00e9trang\u00e8res) er Institut fran\u00e7ais de Norv\u00e8ge en del av nettverket av <a href=\"https:\/\/www.institutfrancais.com\/fr\/carte\" target=\"_blank\" rel=\"noreferrer noopener\">101 franske kulturinstitutter verden over<\/a>.<\/p>\n\n\n\n<p>Institut fran\u00e7ais de Norv\u00e8ge har v\u00e6rt til stede i Norge siden 1963 og har som oppdrag \u00e5 fremme fransk-norsk samarbeid innen f\u00f8lgende omr\u00e5der:<\/p>\n\n\n\n<ul class=\"wp-block-list\">\n<li><a href=\"https:\/\/www.france.no\/no\/universiteter\/\" target=\"_blank\" rel=\"noreferrer noopener\">Fremme av fransk h\u00f8yere utdanning i utlandet og mottak av internasjonale studenter i Frankrike (Campus France)<\/a><\/li>\n\n\n\n<li><a href=\"https:\/\/www.france.no\/education-et-langue-francaise\/\" target=\"_blank\" rel=\"noreferrer noopener\">Spr\u00e5k- og utdanningssamarb<\/a><a href=\"https:\/\/www.france.no\/no\/utdanning-og-fransk-sprak\/\" target=\"_blank\" rel=\"noreferrer noopener\">eid<\/a><\/li>\n\n\n\n<li><a href=\"https:\/\/www.france.no\/no\/vitenskap-og-forskning\/\" target=\"_blank\" rel=\"noreferrer noopener\">Vitenskapelig og akademisk samarbeid<\/a><\/li>\n\n\n\n<li><a href=\"https:\/\/www.france.no\/no\/kultur\/\" target=\"_blank\" rel=\"noreferrer noopener\">Kulturelt og kunstnerisk samarbeid<\/a><\/li>\n<\/ul>\n\n\n\n<p>V\u00e5re aktiviteter har som m\u00e5l \u00e5 skape <strong>varige partnerskap<\/strong>, <strong>styrke fransk-norsk samarbeid<\/strong>, fremme <strong>id\u00e9utveksling<\/strong> og <strong>fremme det franske spr\u00e5ket<\/strong>, s\u00e6rlig blant unge og i skolesektoren.<\/p>\n\n\n\n<p class=\"has-accent-color has-text-color has-link-color has-large-font-size wp-elements-1ccb1a72e1462e33084110589617858d\"><strong>Praktisk informasjon<\/strong><\/p>\n\n\n\n<p class=\"has-normal-font-size\">For tiden holder Institut fran\u00e7ais de Norv\u00e8ge til midlertidig p\u00e5 <strong>Factory T\u00f8yen (Kj\u00f8lberggata 21, 0653 Oslo)<\/strong> mens v\u00e5re faste lokaler renoveres.<br>Fra sommeren 2026 vil vi igjen v\u00e6re lokalisert i <strong>Holtegata 29<\/strong>.<\/p>\n\n\n\n<ul class=\"wp-block-list\">\n<li><strong>Campus France<\/strong>-veiledningskontoret (for h\u00f8yere utdanning i Frankrike) holder fortsatt <strong>\u00e5pent<\/strong> i v\u00e5re midlertidige lokaler p\u00e5 Factory T\u00f8yen og tar imot studenter <strong>etter avtale<\/strong>. Ta kontakt med oss p\u00e5 e-post: <a href=\"mailto:studier@france.no\" target=\"_blank\" rel=\"noreferrer noopener\">studier@france.no<\/a>.<\/li>\n<\/ul>\n\n\n\n<ul class=\"wp-block-list\">\n<li>Vi tilbyr <strong>DELF-DALF- og DAEFLE-sertifiseringer<\/strong>.<\/li>\n<\/ul>\n\n\n\n<ul class=\"wp-block-list\">\n<li>\u00d8nsker du \u00e5 bli en del av teamet v\u00e5rt?<br>Bes\u00f8k siden v\u00e5r med <a href=\"https:\/\/www.france.no\/no\/ledige-stillinger\/\"><strong>ledige stillinger og praksisplasser<\/strong><\/a>. <\/li>\n<\/ul>\n\n\n\n<ul class=\"wp-block-list\">\n<li>F\u00f8lg alle v\u00e5re arrangementer p\u00e5 <strong>sosiale medier<\/strong>:<br><a href=\"https:\/\/www.facebook.com\/institutfrancaisoslo?ref=hl\" target=\"_blank\" rel=\"noreferrer noopener\">Facebook<\/a><br><a href=\"https:\/\/instagram.com\/ifnorvege\/\" target=\"_blank\" rel=\"noreferrer noopener\">Instagram<\/a><br><a href=\"https:\/\/no.linkedin.com\/school\/institut-fran%C3%A7ais-de-norv%C3%A8ge---kurssenter\/\" target=\"_blank\" rel=\"noreferrer noopener\">LinkedIn<\/a><br>og p\u00e5 v\u00e5r <a href=\"https:\/\/www.france.no\/\" target=\"_blank\" rel=\"noreferrer noopener\">Nyheter-side<\/a>.<\/li>\n<\/ul>\n\n\n\n<ul class=\"wp-block-list\">\n<li>For ytterligere informasjon, kontakt oss gjerne p\u00e5 e-post: <a href=\"mailto:info@france.no\">info@france.no<\/a>.<\/li>\n<\/ul>\n","protected":false},"excerpt":{"rendered":"<p>Hvem er vi? Underlagt det franske Utenriksdepartementet (Minist\u00e8re de l\u2019Europe et des Affaires \u00e9trang\u00e8res) er Institut fran\u00e7ais de Norv\u00e8ge en del av nettverket av 101 franske kulturinstitutter verden over. Institut fran\u00e7ais de Norv\u00e8ge har v\u00e6rt til stede i Norge siden 1963 og har som oppdrag \u00e5 fremme fransk-norsk samarbeid innen f\u00f8lgende omr\u00e5der: V\u00e5re aktiviteter har [&hellip;]<\/p>\n","protected":false},"author":9,"featured_media":20977,"parent":0,"menu_order":0,"comment_status":"closed","ping_status":"closed","template":"","meta":{"footnotes":""},"categories":[],"class_list":["post-213","page","type-page","status-publish","has-post-thumbnail","hentry"],"yoast_head":"<!-- This site is optimized with the Yoast SEO plugin v24.2 - https:\/\/yoast.com\/wordpress\/plugins\/seo\/ -->\n<title>Institut fran\u00e7ais de Norv\u00e8ge - Institut fran\u00e7ais<\/title>\n<meta name=\"robots\" content=\"index, follow, max-snippet:-1, max-image-preview:large, max-video-preview:-1\" \/>\n<link rel=\"canonical\" href=\"https:\/\/www.france.no\/no\/om-institut-francais-de-norvege\/\" \/>\n<meta property=\"og:locale\" content=\"nb_NO\" \/>\n<meta property=\"og:type\" content=\"article\" \/>\n<meta property=\"og:title\" content=\"Institut fran\u00e7ais de Norv\u00e8ge - Institut fran\u00e7ais\" \/>\n<meta property=\"og:description\" content=\"Hvem er vi? Underlagt det franske Utenriksdepartementet (Minist\u00e8re de l\u2019Europe et des Affaires \u00e9trang\u00e8res) er Institut fran\u00e7ais de Norv\u00e8ge en del av nettverket av 101 franske kulturinstitutter verden over. Institut fran\u00e7ais de Norv\u00e8ge har v\u00e6rt til stede i Norge siden 1963 og har som oppdrag \u00e5 fremme fransk-norsk samarbeid innen f\u00f8lgende omr\u00e5der: V\u00e5re aktiviteter har [&hellip;]\" \/>\n<meta property=\"og:url\" content=\"https:\/\/www.france.no\/no\/om-institut-francais-de-norvege\/\" \/>\n<meta property=\"og:site_name\" content=\"Institut fran\u00e7ais\" \/>\n<meta property=\"article:publisher\" content=\"https:\/\/www.facebook.com\/institutfrancaisoslo\" \/>\n<meta property=\"article:modified_time\" content=\"2026-02-18T09:17:44+00:00\" \/>\n<meta property=\"og:image\" content=\"https:\/\/www.france.no\/wp-content\/uploads\/2026\/02\/factory-1030x617.jpg\" \/>\n\t<meta property=\"og:image:width\" content=\"1030\" \/>\n\t<meta property=\"og:image:height\" content=\"686\" \/>\n\t<meta property=\"og:image:type\" content=\"image\/jpeg\" \/>\n<meta name=\"twitter:card\" content=\"summary_large_image\" \/>\n<meta name=\"twitter:site\" content=\"@ifnorvege\" \/>\n<meta name=\"twitter:label1\" content=\"Ansl. lesetid\" \/>\n\t<meta name=\"twitter:data1\" content=\"2 minutter\" \/>\n<script type=\"application\/ld+json\" class=\"yoast-schema-graph\">{\"@context\":\"https:\/\/schema.org\",\"@graph\":[{\"@type\":\"WebPage\",\"@id\":\"https:\/\/www.france.no\/no\/om-institut-francais-de-norvege\/\",\"url\":\"https:\/\/www.france.no\/no\/om-institut-francais-de-norvege\/\",\"name\":\"Institut fran\u00e7ais de Norv\u00e8ge - Institut fran\u00e7ais\",\"isPartOf\":{\"@id\":\"https:\/\/www.france.no\/no\/#website\"},\"primaryImageOfPage\":{\"@id\":\"https:\/\/www.france.no\/no\/om-institut-francais-de-norvege\/#primaryimage\"},\"image\":{\"@id\":\"https:\/\/www.france.no\/no\/om-institut-francais-de-norvege\/#primaryimage\"},\"thumbnailUrl\":\"https:\/\/www.france.no\/wp-content\/uploads\/2026\/02\/factory-1030x617.jpg\",\"datePublished\":\"2025-03-12T11:26:25+00:00\",\"dateModified\":\"2026-02-18T09:17:44+00:00\",\"breadcrumb\":{\"@id\":\"https:\/\/www.france.no\/no\/om-institut-francais-de-norvege\/#breadcrumb\"},\"inLanguage\":\"nb-NO\",\"potentialAction\":[{\"@type\":\"ReadAction\",\"target\":[\"https:\/\/www.france.no\/no\/om-institut-francais-de-norvege\/\"]}]},{\"@type\":\"ImageObject\",\"inLanguage\":\"nb-NO\",\"@id\":\"https:\/\/www.france.no\/no\/om-institut-francais-de-norvege\/#primaryimage\",\"url\":\"https:\/\/www.france.no\/wp-content\/uploads\/2026\/02\/factory-1030x617.jpg\",\"contentUrl\":\"https:\/\/www.france.no\/wp-content\/uploads\/2026\/02\/factory-1030x617.jpg\",\"width\":1030,\"height\":686},{\"@type\":\"BreadcrumbList\",\"@id\":\"https:\/\/www.france.no\/no\/om-institut-francais-de-norvege\/#breadcrumb\",\"itemListElement\":[{\"@type\":\"ListItem\",\"position\":1,\"name\":\"\",\"item\":\"https:\/\/www.france.no\/no\/\"},{\"@type\":\"ListItem\",\"position\":2,\"name\":\"Institut fran\u00e7ais de Norv\u00e8ge\"}]},{\"@type\":\"WebSite\",\"@id\":\"https:\/\/www.france.no\/no\/#website\",\"url\":\"https:\/\/www.france.no\/no\/\",\"name\":\"Institut fran\u00e7ais\",\"description\":\"Norv\u00e8ge\",\"publisher\":{\"@id\":\"https:\/\/www.france.no\/no\/#organization\"},\"potentialAction\":[{\"@type\":\"SearchAction\",\"target\":{\"@type\":\"EntryPoint\",\"urlTemplate\":\"https:\/\/www.france.no\/no\/?s={search_term_string}\"},\"query-input\":{\"@type\":\"PropertyValueSpecification\",\"valueRequired\":true,\"valueName\":\"search_term_string\"}}],\"inLanguage\":\"nb-NO\"},{\"@type\":\"Organization\",\"@id\":\"https:\/\/www.france.no\/no\/#organization\",\"name\":\"Institut fran\u00e7ais\",\"url\":\"https:\/\/www.france.no\/no\/\",\"logo\":{\"@type\":\"ImageObject\",\"inLanguage\":\"nb-NO\",\"@id\":\"https:\/\/www.france.no\/no\/#\/schema\/logo\/image\/\",\"url\":\"https:\/\/www.france.no\/wp-content\/uploads\/2022\/11\/IF_Logo_Sans_Bleu_RVB.png\",\"contentUrl\":\"https:\/\/www.france.no\/wp-content\/uploads\/2022\/11\/IF_Logo_Sans_Bleu_RVB.png\",\"width\":852,\"height\":591,\"caption\":\"Institut fran\u00e7ais\"},\"image\":{\"@id\":\"https:\/\/www.france.no\/no\/#\/schema\/logo\/image\/\"},\"sameAs\":[\"https:\/\/www.facebook.com\/institutfrancaisoslo\",\"https:\/\/x.com\/ifnorvege\",\"https:\/\/instagram.com\/ifnorvege\"]}]}<\/script>\n<!-- \/ Yoast SEO plugin. -->","yoast_head_json":{"title":"Institut fran\u00e7ais de Norv\u00e8ge - Institut fran\u00e7ais","robots":{"index":"index","follow":"follow","max-snippet":"max-snippet:-1","max-image-preview":"max-image-preview:large","max-video-preview":"max-video-preview:-1"},"canonical":"https:\/\/www.france.no\/no\/om-institut-francais-de-norvege\/","og_locale":"nb_NO","og_type":"article","og_title":"Institut fran\u00e7ais de Norv\u00e8ge - Institut fran\u00e7ais","og_description":"Hvem er vi? Underlagt det franske Utenriksdepartementet (Minist\u00e8re de l\u2019Europe et des Affaires \u00e9trang\u00e8res) er Institut fran\u00e7ais de Norv\u00e8ge en del av nettverket av 101 franske kulturinstitutter verden over. Institut fran\u00e7ais de Norv\u00e8ge har v\u00e6rt til stede i Norge siden 1963 og har som oppdrag \u00e5 fremme fransk-norsk samarbeid innen f\u00f8lgende omr\u00e5der: V\u00e5re aktiviteter har [&hellip;]","og_url":"https:\/\/www.france.no\/no\/om-institut-francais-de-norvege\/","og_site_name":"Institut fran\u00e7ais","article_publisher":"https:\/\/www.facebook.com\/institutfrancaisoslo","article_modified_time":"2026-02-18T09:17:44+00:00","og_image":[{"width":1030,"height":686,"url":"https:\/\/www.france.no\/wp-content\/uploads\/2026\/02\/factory-1030x617.jpg","type":"image\/jpeg"}],"twitter_card":"summary_large_image","twitter_site":"@ifnorvege","twitter_misc":{"Ansl. lesetid":"2 minutter"},"schema":{"@context":"https:\/\/schema.org","@graph":[{"@type":"WebPage","@id":"https:\/\/www.france.no\/no\/om-institut-francais-de-norvege\/","url":"https:\/\/www.france.no\/no\/om-institut-francais-de-norvege\/","name":"Institut fran\u00e7ais de Norv\u00e8ge - Institut fran\u00e7ais","isPartOf":{"@id":"https:\/\/www.france.no\/no\/#website"},"primaryImageOfPage":{"@id":"https:\/\/www.france.no\/no\/om-institut-francais-de-norvege\/#primaryimage"},"image":{"@id":"https:\/\/www.france.no\/no\/om-institut-francais-de-norvege\/#primaryimage"},"thumbnailUrl":"https:\/\/www.france.no\/wp-content\/uploads\/2026\/02\/factory-1030x617.jpg","datePublished":"2025-03-12T11:26:25+00:00","dateModified":"2026-02-18T09:17:44+00:00","breadcrumb":{"@id":"https:\/\/www.france.no\/no\/om-institut-francais-de-norvege\/#breadcrumb"},"inLanguage":"nb-NO","potentialAction":[{"@type":"ReadAction","target":["https:\/\/www.france.no\/no\/om-institut-francais-de-norvege\/"]}]},{"@type":"ImageObject","inLanguage":"nb-NO","@id":"https:\/\/www.france.no\/no\/om-institut-francais-de-norvege\/#primaryimage","url":"https:\/\/www.france.no\/wp-content\/uploads\/2026\/02\/factory-1030x617.jpg","contentUrl":"https:\/\/www.france.no\/wp-content\/uploads\/2026\/02\/factory-1030x617.jpg","width":1030,"height":686},{"@type":"BreadcrumbList","@id":"https:\/\/www.france.no\/no\/om-institut-francais-de-norvege\/#breadcrumb","itemListElement":[{"@type":"ListItem","position":1,"name":"","item":"https:\/\/www.france.no\/no\/"},{"@type":"ListItem","position":2,"name":"Institut fran\u00e7ais de Norv\u00e8ge"}]},{"@type":"WebSite","@id":"https:\/\/www.france.no\/no\/#website","url":"https:\/\/www.france.no\/no\/","name":"Institut fran\u00e7ais","description":"Norv\u00e8ge","publisher":{"@id":"https:\/\/www.france.no\/no\/#organization"},"potentialAction":[{"@type":"SearchAction","target":{"@type":"EntryPoint","urlTemplate":"https:\/\/www.france.no\/no\/?s={search_term_string}"},"query-input":{"@type":"PropertyValueSpecification","valueRequired":true,"valueName":"search_term_string"}}],"inLanguage":"nb-NO"},{"@type":"Organization","@id":"https:\/\/www.france.no\/no\/#organization","name":"Institut fran\u00e7ais","url":"https:\/\/www.france.no\/no\/","logo":{"@type":"ImageObject","inLanguage":"nb-NO","@id":"https:\/\/www.france.no\/no\/#\/schema\/logo\/image\/","url":"https:\/\/www.france.no\/wp-content\/uploads\/2022\/11\/IF_Logo_Sans_Bleu_RVB.png","contentUrl":"https:\/\/www.france.no\/wp-content\/uploads\/2022\/11\/IF_Logo_Sans_Bleu_RVB.png","width":852,"height":591,"caption":"Institut fran\u00e7ais"},"image":{"@id":"https:\/\/www.france.no\/no\/#\/schema\/logo\/image\/"},"sameAs":["https:\/\/www.facebook.com\/institutfrancaisoslo","https:\/\/x.com\/ifnorvege","https:\/\/instagram.com\/ifnorvege"]}]}},"_links":{"self":[{"href":"https:\/\/www.france.no\/no\/wp-json\/wp\/v2\/pages\/213","targetHints":{"allow":["GET"]}}],"collection":[{"href":"https:\/\/www.france.no\/no\/wp-json\/wp\/v2\/pages"}],"about":[{"href":"https:\/\/www.france.no\/no\/wp-json\/wp\/v2\/types\/page"}],"author":[{"embeddable":true,"href":"https:\/\/www.france.no\/no\/wp-json\/wp\/v2\/users\/9"}],"replies":[{"embeddable":true,"href":"https:\/\/www.france.no\/no\/wp-json\/wp\/v2\/comments?post=213"}],"version-history":[{"count":50,"href":"https:\/\/www.france.no\/no\/wp-json\/wp\/v2\/pages\/213\/revisions"}],"predecessor-version":[{"id":20989,"href":"https:\/\/www.france.no\/no\/wp-json\/wp\/v2\/pages\/213\/revisions\/20989"}],"wp:featuredmedia":[{"embeddable":true,"href":"https:\/\/www.france.no\/no\/wp-json\/wp\/v2\/media\/20977"}],"wp:attachment":[{"href":"https:\/\/www.france.no\/no\/wp-json\/wp\/v2\/media?parent=213"}],"wp:term":[{"taxonomy":"category","embeddable":true,"href":"https:\/\/www.france.no\/no\/wp-json\/wp\/v2\/categories?post=213"}],"curies":[{"name":"wp","href":"https:\/\/api.w.org\/{rel}","templated":true}]}}