{"id":3879,"date":"2023-02-18T12:12:07","date_gmt":"2023-02-18T11:12:07","guid":{"rendered":"https:\/\/www.france.no\/?page_id=3879"},"modified":"2025-09-24T13:08:17","modified_gmt":"2025-09-24T11:08:17","slug":"personvernerklaering","status":"publish","type":"page","link":"https:\/\/www.france.no\/no\/personvernerklaering\/","title":{"rendered":"Personvernerkl\u00e6ring"},"content":{"rendered":"\n<p>Tilstedev\u00e6relsen til&nbsp;<em>Institut fran\u00e7ais de Norv\u00e8g<\/em>e g\u00e5r helt tilbake til 1963, og instituttet er i dag en sentral akt\u00f8r i fransk-norsk kultur, spr\u00e5k, utdanning og vitenskapsamarbeid. Flere avtaler er inng\u00e5tt med den norske regjeringen og representerer en betydelig \u00f8konomisk st\u00f8tte for \u00e5 fremme fransk-norsk samarbeid.<\/p>\n\n\n\n<h2 class=\"wp-block-heading has-normal-font-size\"><strong>HOVEDFORM\u00c5L: UTVIKLE ET NETTVERK FOR KULTURSAMARBEID<\/strong><\/h2>\n\n\n\n<p><strong>Institut fran\u00e7ais de Norv\u00e8ge har f\u00f8lgende hovedform\u00e5l:<\/strong><\/p>\n\n\n\n<ul class=\"wp-block-list\">\n<li>\u00e5<strong>&nbsp;utvikle samarbeid<\/strong>&nbsp;innen kunst og kultur, spr\u00e5k, vitenskap og h\u00f8yere utdanning<\/li>\n\n\n\n<li>\u00e5&nbsp;<strong>bidra til fransk-norsk samarbeid<\/strong>&nbsp;p\u00e5 de nevnte feltene<\/li>\n\n\n\n<li>\u00e5<strong>&nbsp;organisere id\u00e9debatter<\/strong>&nbsp;ved \u00e5 fokusere p\u00e5 oppfatningen av Frankrike i utlandet<\/li>\n\n\n\n<li>\u00e5 fremme&nbsp;<strong>undervisning av fransk spr\u00e5k<\/strong>, s\u00e6rlig gjennom utveksling med undervisningsinstitusjoner.<\/li>\n<\/ul>\n\n\n\n<p class=\"has-accent-color has-text-color has-large-font-size\"><strong>Kommentarer<\/strong><\/p>\n\n\n\n<p>N\u00e5r du legger igjen en kommentar p\u00e5 nettstedet v\u00e5rt samles dataene inn i kommentarskjemaet. Dette gjelder ogs\u00e5 IP-adressen din og brukeragenten til nettleseren din for \u00e5 hjelpe oss med \u00e5 oppdage u\u00f8nskede kommentarer.<\/p>\n\n\n\n<p><strong>Informasjonskapsler (cookies) <\/strong><em><\/em><\/p>\n\n\n\n<p><em><u>Definisjon<\/u><\/em><em>:<\/em> informasjonskapsler (cookies) er sm\u00e5 tekstfiler som <strong>plasseres p\u00e5 din datamaskin n\u00e5r du bes\u00f8ker en nettside.<\/strong> Informasjonskapslene sendes deretter tilbake til det samme nettstedet neste gang du bes\u00f8ker det eller andre nettsteder som kan lese dem. Informasjonskapsler fungerer som nettstedets minne, som vil huske enheten din n\u00e5r du bes\u00f8ker nettstedet igjen. Cookies kan ogs\u00e5 huske valgene du har gjort, forbedre brukeropplevelsen din og tilpasse annonser slik at de mest relevante vises for deg. Cookies identifiserer ikke brukeren, men brukes til \u00e5 registrere informasjon om brukerens navigasjon p\u00e5 nettsiden.<\/p>\n\n\n\n<p>Hvis du legger igjen en kommentar p\u00e5 siden v\u00e5r, vil du bli tilbudt \u00e5 lagre navn, e-postadresse og nettsted i informasjonskapsler. Dette er kun for \u00e5 gj\u00f8re det enklere for deg, slik at du ikke trenger \u00e5 oppgi denne informasjonen p\u00e5 nytt hvis du legger igjen en kommentar senere.<\/p>\n\n\n\n<p>Ved \u00e5 redigere eller publisere et innlegg, vil en ekstra informasjonskapsler bli lagret i nettleseren din. Denne cookien inkluderer ingen personopplysninger. Den viser bare ID-en til innlegget du nettopp redigerte. Den utl\u00f8per etter \u00e9n dag.<\/p>\n\n\n\n<p class=\"has-accent-color has-text-color has-large-font-size\"><br><strong>Integrert innhold fra andre nettsteder<\/strong><\/p>\n\n\n\n<p>Artikler p\u00e5 dette nettstedet kan inneholde integrert innhold (f.eks. videoer, bilder, artikler osv.). Innhold som er integrert fra andre nettsteder, oppf\u00f8rer seg p\u00e5 samme m\u00e5te som om den bes\u00f8kende var p\u00e5 det andre nettstedet.<\/p>\n\n\n\n<p>Disse nettstedene vil kunne samle inn data om deg, bruke informasjonskapsler, bygge inn tredjeparts sporingsverkt\u00f8y, og spore interaksjonene dine med dette integrerte innholdet hvis du har en konto koblet til nettstedet deres.<br><br><\/p>\n\n\n\n<p class=\"has-accent-color has-text-color has-large-font-size\"><strong>Bruk, overf\u00f8ring og lagringsperioder for dine personopplysninger<\/strong><\/p>\n\n\n\n<p>Hvis du legger igjen en kommentar, beholdes kommentaren og dens metadata p\u00e5 ubestemt tid. Dette gj\u00f8r det mulig \u00e5 automatisk gjenkjenne og godkjenne p\u00e5f\u00f8lgende kommentarer i stedet for \u00e5 m\u00e5tte avvente moderering. &nbsp;<\/p>\n\n\n\n<p>For personer som fyller ut skjemaer p\u00e5 nettstedet v\u00e5rt lagrer vi ogs\u00e5 personopplysningene som er angitt i disse skjemaene. Nettstedsredakt\u00f8rene kan se denne informasjonen.<\/p>\n\n\n\n<p>Det franske instituttet i Norge f\u00f8lger retningslinjene angitt i personvernloven. Nettstedet v\u00e5rt vil kun distribuere, behandle og bruke data beregnet for \u00e5 promotere v\u00e5re arrangementer og v\u00e5re tilbud, for \u00e5 svare p\u00e5 brukerforesp\u00f8rsler, og dette kun med tillatelse fra de ber\u00f8rte personene.<\/p>\n\n\n\n<p>Lagring og bruk av data knyttet til enkeltpersoner gj\u00f8res kun innenfor Det franske instituttet i Norge. Det franske instituttet bekrefter at dataene under ingen omstendigheter vil bli solgt eller overf\u00f8rt til en tredjepart.<br><br><\/p>\n\n\n\n<p>Rettigheter knyttet til dine data Hvis du har en konto eller hvis du har lagt igjen kommentarer p\u00e5 nettstedet kan du be om \u00e5 motta en fil som inneholder alle personopplysningene vi har om deg, inkludert de du har gitt oss. I samsvar med &laquo;GDPR&raquo;-loven (Personopplysningsloven) kan du ut\u00f8ve din rett til innsyn i data om deg, f\u00e5 dem rettet eller f\u00e5 dem slettet ved \u00e5 kontakte: <a href=\"mailto:info@france.no\" target=\"_blank\" rel=\"noreferrer noopener\"><strong>info@france.no<\/strong><\/a><\/p>\n","protected":false},"excerpt":{"rendered":"<p>Tilstedev\u00e6relsen til&nbsp;Institut fran\u00e7ais de Norv\u00e8ge g\u00e5r helt tilbake til 1963, og instituttet er i dag en sentral akt\u00f8r i fransk-norsk kultur, spr\u00e5k, utdanning og vitenskapsamarbeid. Flere avtaler er inng\u00e5tt med den norske regjeringen og representerer en betydelig \u00f8konomisk st\u00f8tte for \u00e5 fremme fransk-norsk samarbeid. HOVEDFORM\u00c5L: UTVIKLE ET NETTVERK FOR KULTURSAMARBEID Institut fran\u00e7ais de Norv\u00e8ge har [&hellip;]<\/p>\n","protected":false},"author":9,"featured_media":0,"parent":0,"menu_order":0,"comment_status":"closed","ping_status":"open","template":"","meta":{"footnotes":""},"categories":[],"class_list":["post-3879","page","type-page","status-publish","hentry","no-media"],"yoast_head":"<!-- This site is optimized with the Yoast SEO plugin v24.2 - https:\/\/yoast.com\/wordpress\/plugins\/seo\/ -->\n<title>Personvernerkl\u00e6ring - Institut fran\u00e7ais<\/title>\n<meta name=\"robots\" content=\"index, follow, max-snippet:-1, max-image-preview:large, max-video-preview:-1\" \/>\n<link rel=\"canonical\" href=\"https:\/\/www.france.no\/no\/personvernerklaering\/\" \/>\n<meta property=\"og:locale\" content=\"nb_NO\" \/>\n<meta property=\"og:type\" content=\"article\" \/>\n<meta property=\"og:title\" content=\"Personvernerkl\u00e6ring - Institut fran\u00e7ais\" \/>\n<meta property=\"og:description\" content=\"Tilstedev\u00e6relsen til&nbsp;Institut fran\u00e7ais de Norv\u00e8ge g\u00e5r helt tilbake til 1963, og instituttet er i dag en sentral akt\u00f8r i fransk-norsk kultur, spr\u00e5k, utdanning og vitenskapsamarbeid. Flere avtaler er inng\u00e5tt med den norske regjeringen og representerer en betydelig \u00f8konomisk st\u00f8tte for \u00e5 fremme fransk-norsk samarbeid. HOVEDFORM\u00c5L: UTVIKLE ET NETTVERK FOR KULTURSAMARBEID Institut fran\u00e7ais de Norv\u00e8ge har [&hellip;]\" \/>\n<meta property=\"og:url\" content=\"https:\/\/www.france.no\/no\/personvernerklaering\/\" \/>\n<meta property=\"og:site_name\" content=\"Institut fran\u00e7ais\" \/>\n<meta property=\"article:publisher\" content=\"https:\/\/www.facebook.com\/institutfrancaisoslo\" \/>\n<meta property=\"article:modified_time\" content=\"2025-09-24T11:08:17+00:00\" \/>\n<meta property=\"og:image\" content=\"https:\/\/www.france.no\/wp-content\/uploads\/2022\/01\/IFN-logo.png\" \/>\n\t<meta property=\"og:image:width\" content=\"946\" \/>\n\t<meta property=\"og:image:height\" content=\"546\" \/>\n\t<meta property=\"og:image:type\" content=\"image\/png\" \/>\n<meta name=\"twitter:card\" content=\"summary_large_image\" \/>\n<meta name=\"twitter:site\" content=\"@ifnorvege\" \/>\n<meta name=\"twitter:label1\" content=\"Ansl. lesetid\" \/>\n\t<meta name=\"twitter:data1\" content=\"4 minutter\" \/>\n<script type=\"application\/ld+json\" class=\"yoast-schema-graph\">{\"@context\":\"https:\/\/schema.org\",\"@graph\":[{\"@type\":\"WebPage\",\"@id\":\"https:\/\/www.france.no\/no\/personvernerklaering\/\",\"url\":\"https:\/\/www.france.no\/no\/personvernerklaering\/\",\"name\":\"Personvernerkl\u00e6ring - Institut fran\u00e7ais\",\"isPartOf\":{\"@id\":\"https:\/\/www.france.no\/no\/#website\"},\"datePublished\":\"2023-02-18T11:12:07+00:00\",\"dateModified\":\"2025-09-24T11:08:17+00:00\",\"breadcrumb\":{\"@id\":\"https:\/\/www.france.no\/no\/personvernerklaering\/#breadcrumb\"},\"inLanguage\":\"nb-NO\",\"potentialAction\":[{\"@type\":\"ReadAction\",\"target\":[\"https:\/\/www.france.no\/no\/personvernerklaering\/\"]}]},{\"@type\":\"BreadcrumbList\",\"@id\":\"https:\/\/www.france.no\/no\/personvernerklaering\/#breadcrumb\",\"itemListElement\":[{\"@type\":\"ListItem\",\"position\":1,\"name\":\"\",\"item\":\"https:\/\/www.france.no\/no\/\"},{\"@type\":\"ListItem\",\"position\":2,\"name\":\"Personvernerkl\u00e6ring\"}]},{\"@type\":\"WebSite\",\"@id\":\"https:\/\/www.france.no\/no\/#website\",\"url\":\"https:\/\/www.france.no\/no\/\",\"name\":\"Institut fran\u00e7ais\",\"description\":\"Norv\u00e8ge\",\"publisher\":{\"@id\":\"https:\/\/www.france.no\/no\/#organization\"},\"potentialAction\":[{\"@type\":\"SearchAction\",\"target\":{\"@type\":\"EntryPoint\",\"urlTemplate\":\"https:\/\/www.france.no\/no\/?s={search_term_string}\"},\"query-input\":{\"@type\":\"PropertyValueSpecification\",\"valueRequired\":true,\"valueName\":\"search_term_string\"}}],\"inLanguage\":\"nb-NO\"},{\"@type\":\"Organization\",\"@id\":\"https:\/\/www.france.no\/no\/#organization\",\"name\":\"Institut fran\u00e7ais\",\"url\":\"https:\/\/www.france.no\/no\/\",\"logo\":{\"@type\":\"ImageObject\",\"inLanguage\":\"nb-NO\",\"@id\":\"https:\/\/www.france.no\/no\/#\/schema\/logo\/image\/\",\"url\":\"https:\/\/www.france.no\/wp-content\/uploads\/2022\/11\/IF_Logo_Sans_Bleu_RVB.png\",\"contentUrl\":\"https:\/\/www.france.no\/wp-content\/uploads\/2022\/11\/IF_Logo_Sans_Bleu_RVB.png\",\"width\":852,\"height\":591,\"caption\":\"Institut fran\u00e7ais\"},\"image\":{\"@id\":\"https:\/\/www.france.no\/no\/#\/schema\/logo\/image\/\"},\"sameAs\":[\"https:\/\/www.facebook.com\/institutfrancaisoslo\",\"https:\/\/x.com\/ifnorvege\",\"https:\/\/instagram.com\/ifnorvege\"]}]}<\/script>\n<!-- \/ Yoast SEO plugin. -->","yoast_head_json":{"title":"Personvernerkl\u00e6ring - Institut fran\u00e7ais","robots":{"index":"index","follow":"follow","max-snippet":"max-snippet:-1","max-image-preview":"max-image-preview:large","max-video-preview":"max-video-preview:-1"},"canonical":"https:\/\/www.france.no\/no\/personvernerklaering\/","og_locale":"nb_NO","og_type":"article","og_title":"Personvernerkl\u00e6ring - Institut fran\u00e7ais","og_description":"Tilstedev\u00e6relsen til&nbsp;Institut fran\u00e7ais de Norv\u00e8ge g\u00e5r helt tilbake til 1963, og instituttet er i dag en sentral akt\u00f8r i fransk-norsk kultur, spr\u00e5k, utdanning og vitenskapsamarbeid. Flere avtaler er inng\u00e5tt med den norske regjeringen og representerer en betydelig \u00f8konomisk st\u00f8tte for \u00e5 fremme fransk-norsk samarbeid. HOVEDFORM\u00c5L: UTVIKLE ET NETTVERK FOR KULTURSAMARBEID Institut fran\u00e7ais de Norv\u00e8ge har [&hellip;]","og_url":"https:\/\/www.france.no\/no\/personvernerklaering\/","og_site_name":"Institut fran\u00e7ais","article_publisher":"https:\/\/www.facebook.com\/institutfrancaisoslo","article_modified_time":"2025-09-24T11:08:17+00:00","og_image":[{"width":946,"height":546,"url":"https:\/\/www.france.no\/wp-content\/uploads\/2022\/01\/IFN-logo.png","type":"image\/png"}],"twitter_card":"summary_large_image","twitter_site":"@ifnorvege","twitter_misc":{"Ansl. lesetid":"4 minutter"},"schema":{"@context":"https:\/\/schema.org","@graph":[{"@type":"WebPage","@id":"https:\/\/www.france.no\/no\/personvernerklaering\/","url":"https:\/\/www.france.no\/no\/personvernerklaering\/","name":"Personvernerkl\u00e6ring - Institut fran\u00e7ais","isPartOf":{"@id":"https:\/\/www.france.no\/no\/#website"},"datePublished":"2023-02-18T11:12:07+00:00","dateModified":"2025-09-24T11:08:17+00:00","breadcrumb":{"@id":"https:\/\/www.france.no\/no\/personvernerklaering\/#breadcrumb"},"inLanguage":"nb-NO","potentialAction":[{"@type":"ReadAction","target":["https:\/\/www.france.no\/no\/personvernerklaering\/"]}]},{"@type":"BreadcrumbList","@id":"https:\/\/www.france.no\/no\/personvernerklaering\/#breadcrumb","itemListElement":[{"@type":"ListItem","position":1,"name":"","item":"https:\/\/www.france.no\/no\/"},{"@type":"ListItem","position":2,"name":"Personvernerkl\u00e6ring"}]},{"@type":"WebSite","@id":"https:\/\/www.france.no\/no\/#website","url":"https:\/\/www.france.no\/no\/","name":"Institut fran\u00e7ais","description":"Norv\u00e8ge","publisher":{"@id":"https:\/\/www.france.no\/no\/#organization"},"potentialAction":[{"@type":"SearchAction","target":{"@type":"EntryPoint","urlTemplate":"https:\/\/www.france.no\/no\/?s={search_term_string}"},"query-input":{"@type":"PropertyValueSpecification","valueRequired":true,"valueName":"search_term_string"}}],"inLanguage":"nb-NO"},{"@type":"Organization","@id":"https:\/\/www.france.no\/no\/#organization","name":"Institut fran\u00e7ais","url":"https:\/\/www.france.no\/no\/","logo":{"@type":"ImageObject","inLanguage":"nb-NO","@id":"https:\/\/www.france.no\/no\/#\/schema\/logo\/image\/","url":"https:\/\/www.france.no\/wp-content\/uploads\/2022\/11\/IF_Logo_Sans_Bleu_RVB.png","contentUrl":"https:\/\/www.france.no\/wp-content\/uploads\/2022\/11\/IF_Logo_Sans_Bleu_RVB.png","width":852,"height":591,"caption":"Institut fran\u00e7ais"},"image":{"@id":"https:\/\/www.france.no\/no\/#\/schema\/logo\/image\/"},"sameAs":["https:\/\/www.facebook.com\/institutfrancaisoslo","https:\/\/x.com\/ifnorvege","https:\/\/instagram.com\/ifnorvege"]}]}},"_links":{"self":[{"href":"https:\/\/www.france.no\/no\/wp-json\/wp\/v2\/pages\/3879","targetHints":{"allow":["GET"]}}],"collection":[{"href":"https:\/\/www.france.no\/no\/wp-json\/wp\/v2\/pages"}],"about":[{"href":"https:\/\/www.france.no\/no\/wp-json\/wp\/v2\/types\/page"}],"author":[{"embeddable":true,"href":"https:\/\/www.france.no\/no\/wp-json\/wp\/v2\/users\/9"}],"replies":[{"embeddable":true,"href":"https:\/\/www.france.no\/no\/wp-json\/wp\/v2\/comments?post=3879"}],"version-history":[{"count":5,"href":"https:\/\/www.france.no\/no\/wp-json\/wp\/v2\/pages\/3879\/revisions"}],"predecessor-version":[{"id":15302,"href":"https:\/\/www.france.no\/no\/wp-json\/wp\/v2\/pages\/3879\/revisions\/15302"}],"wp:attachment":[{"href":"https:\/\/www.france.no\/no\/wp-json\/wp\/v2\/media?parent=3879"}],"wp:term":[{"taxonomy":"category","embeddable":true,"href":"https:\/\/www.france.no\/no\/wp-json\/wp\/v2\/categories?post=3879"}],"curies":[{"name":"wp","href":"https:\/\/api.w.org\/{rel}","templated":true}]}}