{"id":448,"date":"2022-03-11T19:08:46","date_gmt":"2022-03-11T18:08:46","guid":{"rendered":"https:\/\/www.france.no\/?page_id=448"},"modified":"2024-11-06T17:04:03","modified_gmt":"2024-11-06T16:04:03","slug":"for-institusjoner","status":"publish","type":"page","link":"https:\/\/www.france.no\/no\/universiteter\/for-institusjoner\/","title":{"rendered":"For institusjoner"},"content":{"rendered":"\n<h3 class=\"wp-block-heading\">ST\u00d8TTE TIL UNIVERSITETSAKT\u00d8RER<\/h3>\n\n\n\n<p>Det vitenskapelige og akademiske senteret til l&#8217;Institut fran\u00e7ais de Norv\u00e8ge fremmer og st\u00f8tter akademisk samarbeid mellom franske og norske virksomheter. <a href=\"https:\/\/www.norvege.campusfrance.org\/campus-france-norge\" target=\"_blank\" rel=\"noreferrer noopener\">Campus France<\/a> st\u00f8tter v\u00e5rt arbeid for \u00e5 styrke fransk-norsk samarbeid.<\/p>\n\n\n\n<h5 class=\"wp-block-heading\">Oppdraget med \u00e5 fremme universitetssamarbeid fokuserer i hovedsak p\u00e5 f\u00f8lgende:<\/h5>\n\n\n\n<ul class=\"wp-block-list\">\n<li>Bistand med organisering av fransk-norske eller fransk-nordiske konferanser og arrangementer<\/li>\n\n\n\n<li>Bistand til \u00e5 ta imot og organisere delegasjonsbes\u00f8k.<\/li>\n\n\n\n<li>Deltakelse p\u00e5 studentfora og messer.<\/li>\n<\/ul>\n\n\n\n<p>Mer informasjon: <a href=\"mailto:studier@france.no\" target=\"_blank\" rel=\"noreferrer noopener\">studier@france.no<\/a><\/p>\n","protected":false},"excerpt":{"rendered":"<p>ST\u00d8TTE TIL UNIVERSITETSAKT\u00d8RER Det vitenskapelige og akademiske senteret til l&#8217;Institut fran\u00e7ais de Norv\u00e8ge fremmer og st\u00f8tter akademisk samarbeid mellom franske og norske virksomheter. Campus France st\u00f8tter v\u00e5rt arbeid for \u00e5 styrke fransk-norsk samarbeid. Oppdraget med \u00e5 fremme universitetssamarbeid fokuserer i hovedsak p\u00e5 f\u00f8lgende: Mer informasjon: studier@france.no<\/p>\n","protected":false},"author":1,"featured_media":0,"parent":413,"menu_order":2,"comment_status":"closed","ping_status":"closed","template":"","meta":{"footnotes":""},"categories":[15],"class_list":["post-448","page","type-page","status-publish","hentry","category-universitetene","no-media"],"yoast_head":"<!-- This site is optimized with the Yoast SEO plugin v24.2 - https:\/\/yoast.com\/wordpress\/plugins\/seo\/ -->\n<title>For institusjoner - Institut fran\u00e7ais<\/title>\n<meta name=\"robots\" content=\"index, follow, max-snippet:-1, max-image-preview:large, max-video-preview:-1\" \/>\n<link rel=\"canonical\" href=\"https:\/\/www.france.no\/no\/universiteter\/for-institusjoner\/\" \/>\n<meta property=\"og:locale\" content=\"nb_NO\" \/>\n<meta property=\"og:type\" content=\"article\" \/>\n<meta property=\"og:title\" content=\"For institusjoner - Institut fran\u00e7ais\" \/>\n<meta property=\"og:description\" content=\"ST\u00d8TTE TIL UNIVERSITETSAKT\u00d8RER Det vitenskapelige og akademiske senteret til l&#8217;Institut fran\u00e7ais de Norv\u00e8ge fremmer og st\u00f8tter akademisk samarbeid mellom franske og norske virksomheter. Campus France st\u00f8tter v\u00e5rt arbeid for \u00e5 styrke fransk-norsk samarbeid. Oppdraget med \u00e5 fremme universitetssamarbeid fokuserer i hovedsak p\u00e5 f\u00f8lgende: Mer informasjon: studier@france.no\" \/>\n<meta property=\"og:url\" content=\"https:\/\/www.france.no\/no\/universiteter\/for-institusjoner\/\" \/>\n<meta property=\"og:site_name\" content=\"Institut fran\u00e7ais\" \/>\n<meta property=\"article:publisher\" content=\"https:\/\/www.facebook.com\/institutfrancaisoslo\" \/>\n<meta property=\"article:modified_time\" content=\"2024-11-06T16:04:03+00:00\" \/>\n<meta property=\"og:image\" content=\"https:\/\/www.france.no\/wp-content\/uploads\/2022\/01\/IFN-logo.png\" \/>\n\t<meta property=\"og:image:width\" content=\"946\" \/>\n\t<meta property=\"og:image:height\" content=\"546\" \/>\n\t<meta property=\"og:image:type\" content=\"image\/png\" \/>\n<meta name=\"twitter:card\" content=\"summary_large_image\" \/>\n<meta name=\"twitter:site\" content=\"@ifnorvege\" \/>\n<script type=\"application\/ld+json\" class=\"yoast-schema-graph\">{\"@context\":\"https:\/\/schema.org\",\"@graph\":[{\"@type\":\"WebPage\",\"@id\":\"https:\/\/www.france.no\/no\/universiteter\/for-institusjoner\/\",\"url\":\"https:\/\/www.france.no\/no\/universiteter\/for-institusjoner\/\",\"name\":\"For institusjoner - Institut fran\u00e7ais\",\"isPartOf\":{\"@id\":\"https:\/\/www.france.no\/no\/#website\"},\"datePublished\":\"2022-03-11T18:08:46+00:00\",\"dateModified\":\"2024-11-06T16:04:03+00:00\",\"breadcrumb\":{\"@id\":\"https:\/\/www.france.no\/no\/universiteter\/for-institusjoner\/#breadcrumb\"},\"inLanguage\":\"nb-NO\",\"potentialAction\":[{\"@type\":\"ReadAction\",\"target\":[\"https:\/\/www.france.no\/no\/universiteter\/for-institusjoner\/\"]}]},{\"@type\":\"BreadcrumbList\",\"@id\":\"https:\/\/www.france.no\/no\/universiteter\/for-institusjoner\/#breadcrumb\",\"itemListElement\":[{\"@type\":\"ListItem\",\"position\":1,\"name\":\"\",\"item\":\"https:\/\/www.france.no\/no\/\"},{\"@type\":\"ListItem\",\"position\":2,\"name\":\"Universiteter\",\"item\":\"https:\/\/www.france.no\/no\/universiteter\/\"},{\"@type\":\"ListItem\",\"position\":3,\"name\":\"For institusjoner\"}]},{\"@type\":\"WebSite\",\"@id\":\"https:\/\/www.france.no\/no\/#website\",\"url\":\"https:\/\/www.france.no\/no\/\",\"name\":\"Institut fran\u00e7ais\",\"description\":\"Norv\u00e8ge\",\"publisher\":{\"@id\":\"https:\/\/www.france.no\/no\/#organization\"},\"potentialAction\":[{\"@type\":\"SearchAction\",\"target\":{\"@type\":\"EntryPoint\",\"urlTemplate\":\"https:\/\/www.france.no\/no\/?s={search_term_string}\"},\"query-input\":{\"@type\":\"PropertyValueSpecification\",\"valueRequired\":true,\"valueName\":\"search_term_string\"}}],\"inLanguage\":\"nb-NO\"},{\"@type\":\"Organization\",\"@id\":\"https:\/\/www.france.no\/no\/#organization\",\"name\":\"Institut fran\u00e7ais\",\"url\":\"https:\/\/www.france.no\/no\/\",\"logo\":{\"@type\":\"ImageObject\",\"inLanguage\":\"nb-NO\",\"@id\":\"https:\/\/www.france.no\/no\/#\/schema\/logo\/image\/\",\"url\":\"https:\/\/www.france.no\/wp-content\/uploads\/2022\/11\/IF_Logo_Sans_Bleu_RVB.png\",\"contentUrl\":\"https:\/\/www.france.no\/wp-content\/uploads\/2022\/11\/IF_Logo_Sans_Bleu_RVB.png\",\"width\":852,\"height\":591,\"caption\":\"Institut fran\u00e7ais\"},\"image\":{\"@id\":\"https:\/\/www.france.no\/no\/#\/schema\/logo\/image\/\"},\"sameAs\":[\"https:\/\/www.facebook.com\/institutfrancaisoslo\",\"https:\/\/x.com\/ifnorvege\",\"https:\/\/instagram.com\/ifnorvege\"]}]}<\/script>\n<!-- \/ Yoast SEO plugin. -->","yoast_head_json":{"title":"For institusjoner - Institut fran\u00e7ais","robots":{"index":"index","follow":"follow","max-snippet":"max-snippet:-1","max-image-preview":"max-image-preview:large","max-video-preview":"max-video-preview:-1"},"canonical":"https:\/\/www.france.no\/no\/universiteter\/for-institusjoner\/","og_locale":"nb_NO","og_type":"article","og_title":"For institusjoner - Institut fran\u00e7ais","og_description":"ST\u00d8TTE TIL UNIVERSITETSAKT\u00d8RER Det vitenskapelige og akademiske senteret til l&#8217;Institut fran\u00e7ais de Norv\u00e8ge fremmer og st\u00f8tter akademisk samarbeid mellom franske og norske virksomheter. Campus France st\u00f8tter v\u00e5rt arbeid for \u00e5 styrke fransk-norsk samarbeid. Oppdraget med \u00e5 fremme universitetssamarbeid fokuserer i hovedsak p\u00e5 f\u00f8lgende: Mer informasjon: studier@france.no","og_url":"https:\/\/www.france.no\/no\/universiteter\/for-institusjoner\/","og_site_name":"Institut fran\u00e7ais","article_publisher":"https:\/\/www.facebook.com\/institutfrancaisoslo","article_modified_time":"2024-11-06T16:04:03+00:00","og_image":[{"width":946,"height":546,"url":"https:\/\/www.france.no\/wp-content\/uploads\/2022\/01\/IFN-logo.png","type":"image\/png"}],"twitter_card":"summary_large_image","twitter_site":"@ifnorvege","schema":{"@context":"https:\/\/schema.org","@graph":[{"@type":"WebPage","@id":"https:\/\/www.france.no\/no\/universiteter\/for-institusjoner\/","url":"https:\/\/www.france.no\/no\/universiteter\/for-institusjoner\/","name":"For institusjoner - Institut fran\u00e7ais","isPartOf":{"@id":"https:\/\/www.france.no\/no\/#website"},"datePublished":"2022-03-11T18:08:46+00:00","dateModified":"2024-11-06T16:04:03+00:00","breadcrumb":{"@id":"https:\/\/www.france.no\/no\/universiteter\/for-institusjoner\/#breadcrumb"},"inLanguage":"nb-NO","potentialAction":[{"@type":"ReadAction","target":["https:\/\/www.france.no\/no\/universiteter\/for-institusjoner\/"]}]},{"@type":"BreadcrumbList","@id":"https:\/\/www.france.no\/no\/universiteter\/for-institusjoner\/#breadcrumb","itemListElement":[{"@type":"ListItem","position":1,"name":"","item":"https:\/\/www.france.no\/no\/"},{"@type":"ListItem","position":2,"name":"Universiteter","item":"https:\/\/www.france.no\/no\/universiteter\/"},{"@type":"ListItem","position":3,"name":"For institusjoner"}]},{"@type":"WebSite","@id":"https:\/\/www.france.no\/no\/#website","url":"https:\/\/www.france.no\/no\/","name":"Institut fran\u00e7ais","description":"Norv\u00e8ge","publisher":{"@id":"https:\/\/www.france.no\/no\/#organization"},"potentialAction":[{"@type":"SearchAction","target":{"@type":"EntryPoint","urlTemplate":"https:\/\/www.france.no\/no\/?s={search_term_string}"},"query-input":{"@type":"PropertyValueSpecification","valueRequired":true,"valueName":"search_term_string"}}],"inLanguage":"nb-NO"},{"@type":"Organization","@id":"https:\/\/www.france.no\/no\/#organization","name":"Institut fran\u00e7ais","url":"https:\/\/www.france.no\/no\/","logo":{"@type":"ImageObject","inLanguage":"nb-NO","@id":"https:\/\/www.france.no\/no\/#\/schema\/logo\/image\/","url":"https:\/\/www.france.no\/wp-content\/uploads\/2022\/11\/IF_Logo_Sans_Bleu_RVB.png","contentUrl":"https:\/\/www.france.no\/wp-content\/uploads\/2022\/11\/IF_Logo_Sans_Bleu_RVB.png","width":852,"height":591,"caption":"Institut fran\u00e7ais"},"image":{"@id":"https:\/\/www.france.no\/no\/#\/schema\/logo\/image\/"},"sameAs":["https:\/\/www.facebook.com\/institutfrancaisoslo","https:\/\/x.com\/ifnorvege","https:\/\/instagram.com\/ifnorvege"]}]}},"_links":{"self":[{"href":"https:\/\/www.france.no\/no\/wp-json\/wp\/v2\/pages\/448","targetHints":{"allow":["GET"]}}],"collection":[{"href":"https:\/\/www.france.no\/no\/wp-json\/wp\/v2\/pages"}],"about":[{"href":"https:\/\/www.france.no\/no\/wp-json\/wp\/v2\/types\/page"}],"author":[{"embeddable":true,"href":"https:\/\/www.france.no\/no\/wp-json\/wp\/v2\/users\/1"}],"replies":[{"embeddable":true,"href":"https:\/\/www.france.no\/no\/wp-json\/wp\/v2\/comments?post=448"}],"version-history":[{"count":5,"href":"https:\/\/www.france.no\/no\/wp-json\/wp\/v2\/pages\/448\/revisions"}],"predecessor-version":[{"id":9503,"href":"https:\/\/www.france.no\/no\/wp-json\/wp\/v2\/pages\/448\/revisions\/9503"}],"up":[{"embeddable":true,"href":"https:\/\/www.france.no\/no\/wp-json\/wp\/v2\/pages\/413"}],"wp:attachment":[{"href":"https:\/\/www.france.no\/no\/wp-json\/wp\/v2\/media?parent=448"}],"wp:term":[{"taxonomy":"category","embeddable":true,"href":"https:\/\/www.france.no\/no\/wp-json\/wp\/v2\/categories?post=448"}],"curies":[{"name":"wp","href":"https:\/\/api.w.org\/{rel}","templated":true}]}}