{"id":588,"date":"2022-03-18T15:51:15","date_gmt":"2022-03-18T14:51:15","guid":{"rendered":"https:\/\/www.france.no\/?page_id=588"},"modified":"2024-11-07T12:13:18","modified_gmt":"2024-11-07T11:13:18","slug":"science-night","status":"publish","type":"page","link":"https:\/\/www.france.no\/no\/vitenskap-og-forskning\/arrangementer\/science-night\/","title":{"rendered":"Science Night"},"content":{"rendered":"\n<p>En gang i m\u00e5neden arrangerer forsknings- og vitenskapsavdelingen foredrag p\u00e5 instituttet. Vi f\u00e5r bes\u00f8k av v\u00e5re \u00c5sgard-prisvinnere eller ledende franske forskere. For informasjon om kommende konferanser, meld deg p\u00e5 v\u00e5rt <a href=\"mailto:science@france.no?subject=Inscription Club Science&amp;body=Je voudrais \u00eatre inform\u00e9 des prochaines actualit\u00e9s du Club Science.\">Science Night<\/a>-nyhetsbrev!<\/p>\n\n\n\n<p class=\"has-text-align-center has-background-color has-accent-background-color has-text-color has-background\"><strong>Kommende arrangementer<\/strong><\/p>\n\n\n\n<p class=\"has-text-align-center has-background-color has-accent-background-color has-text-color has-background has-normal-font-size\"><strong>Tidligere arrangementer<\/strong><\/p>\n\n\n\n<p><strong>17. september 2024<\/strong><br>Science Night (i samarbeid med Universitetet i Bergen) p\u00e5 Litteraturhuset i Bergen med temaet: <a href=\"https:\/\/www.uib.no\/en\/osb\/168951\/ocean-futures-2030-state-our-common-ocean-governance\" target=\"_blank\" rel=\"noreferrer noopener\"><em>Ocean Futures 2030: the state of our common ocean governance \u2013 perspectives across sectors<\/em><\/a><\/p>\n\n\n\n<p><strong>16. april 2024<br><\/strong>Filmvisning p\u00e5 Bergen Offentlige Bibliotek: <em><a href=\"https:\/\/www.france.no\/no\/2024\/vitenskap-og-forskning\/screening-planet-ocean\/\">Planet Ocean<\/a><\/em><\/p>\n\n\n\n<p><strong>19. mars 2024<br><\/strong>Science Night med temaet: <a href=\"https:\/\/www.france.no\/no\/2024\/vitenskap-og-forskning\/women-conflict\/\"><em>Women and conflicts<\/em><\/a><\/p>\n\n\n\n<p><strong>13. februar 2024 <\/strong><br>Filmvisning p\u00e5 Cinemateket i Oslo: <a href=\"https:\/\/www.france.no\/no\/2024\/vitenskap-og-forskning\/kino-once-you-know\/\"><em>Once You Know<\/em><\/a> <\/p>\n\n\n\n<p><strong>7. februar 2024 <\/strong><br>Vitenskapelig utstilling: <a href=\"https:\/\/www.france.no\/no\/2024\/vitenskap-og-forskning\/exhibition-of-the-comic-strip-le-monde-sans-fin\/\"><em>World without end<\/em><\/a><\/p>\n\n\n\n<p><strong>5. desember 2023 <\/strong><br>Science Night med temaet: <a href=\"https:\/\/www.france.no\/no\/2023\/vitenskap-og-forskning\/who-owns-the-oceans\/\" target=\"_blank\" rel=\"noreferrer noopener\"><em>Ocean Rights<\/em><\/a><\/p>\n\n\n\n<p><strong>15. november 2023 <\/strong><br>Science Night \/\/ F\u00eate de la science: <a href=\"https:\/\/www.france.no\/no\/2023\/universitetene\/fete-de-la-science-2023-movie-talk-evening-on-breakdance-the-new-olympic-discipline-in-2024\/\"><em>Breakdance<\/em><\/a><\/p>\n\n\n\n<p><strong>8. november 2023 <\/strong><br>Science Night med temaet: <a href=\"https:\/\/www.france.no\/no\/2023\/vitenskap-og-forskning\/science-night-child-pysychology\/\"><em>Child psychology<\/em><\/a><\/p>\n\n\n\n<p class=\"has-normal-font-size\"><strong>25. oktober 2023 <\/strong><br>Science Night med temaet: <a href=\"https:\/\/www.france.no\/no\/2023\/vitenskap-og-forskning\/science-night-drawing-science\/\"><em>Draw me science<\/em><\/a><\/p>\n\n\n\n<p class=\"has-normal-font-size\"><strong>27. september 2023<\/strong><br>Science Night med temaet: <a href=\"https:\/\/www.france.no\/no\/2023\/vitenskap-og-forskning\/the-science-night-is-back-when-art-meets-science\/\"><em>When Art meets Science!<\/em><\/a><\/p>\n\n\n\n<p class=\"has-normal-font-size\"><strong>11. mai 2023<\/strong><br>Science Night med temaet:<em> <a href=\"https:\/\/www.france.no\/no\/2023\/vitenskap-og-forskning\/intercultural-differences-franco-norwegian-food-systems-may-11th-2023\/\">Intercultural differences: Franco-Norwegian food systems<\/a><\/em><\/p>\n\n\n\n<p class=\"has-normal-font-size\"><strong>22. mars 2023 <\/strong><br>Science Night med filmvinsing og debatt om filmen: <a href=\"https:\/\/www.france.no\/no\/2023\/kultur\/night-of-ideas-movie-debate-hello-world\/\"><em>Hello World!<\/em><\/a><\/p>\n\n\n\n<p class=\"has-normal-font-size\"><strong>22. februar 2023<\/strong> <br>Science Night med tema: <a href=\"https:\/\/www.france.no\/no\/2023\/universitetene\/science-night-intercultural-differences-french-and-norwegian-higher-education-systems\/\"><em>Intercultural differences: French and Norwegian higher education systems<\/em><\/a><\/p>\n\n\n\n<p class=\"has-normal-font-size\"><strong>12. januar 2023 <\/strong><br>Science Night med filmvisning og debatt om filmen: <a href=\"https:\/\/www.france.no\/no\/2023\/vitenskap-og-forskning\/screening-debate-french-buffet-ailo-an-odyssey-in-lapland\/\"><em>A\u00eflo: an odyssey in Lapland<\/em><\/a><\/p>\n\n\n\n<p class=\"has-normal-font-size\"><strong>1. desember 2022 <\/strong><br>Science Night om temaet: <em><a href=\"https:\/\/www.france.no\/2022\/science-et-recherche\/science-night-december-1st\/\">Open Science: why, what and how<\/a>?<\/em><\/p>\n\n\n\n<p class=\"has-normal-font-size\"><strong>3. november 2022<\/strong><br>Science Night med temaet: <a href=\"https:\/\/www.france.no\/2022\/science-et-recherche\/science-night-november-3rd-2022\/\"><em>Artificial intelligence and medicine\u00a0<\/em><\/a><\/p>\n\n\n\n<p class=\"has-normal-font-size\"><strong>6. oktober 2022 <\/strong><br>Science Night med temaet: <a href=\"https:\/\/www.france.no\/2022\/science-et-recherche\/club-science-fire-and-ice-6-octobre-2022-6pm\/\"><em>Fire and Ice<\/em><\/a><\/p>\n\n\n\n<p class=\"has-small-font-size\"><\/p>\n","protected":false},"excerpt":{"rendered":"<p>En gang i m\u00e5neden arrangerer forsknings- og vitenskapsavdelingen foredrag p\u00e5 instituttet. Vi f\u00e5r bes\u00f8k av v\u00e5re \u00c5sgard-prisvinnere eller ledende franske forskere. For informasjon om kommende konferanser, meld deg p\u00e5 v\u00e5rt Science Night-nyhetsbrev! Kommende arrangementer Tidligere arrangementer 17. september 2024Science Night (i samarbeid med Universitetet i Bergen) p\u00e5 Litteraturhuset i Bergen med temaet: Ocean Futures 2030: [&hellip;]<\/p>\n","protected":false},"author":1,"featured_media":0,"parent":583,"menu_order":0,"comment_status":"closed","ping_status":"closed","template":"","meta":{"footnotes":""},"categories":[17],"class_list":["post-588","page","type-page","status-publish","hentry","category-vitenskap-og-forskning","no-media"],"yoast_head":"<!-- This site is optimized with the Yoast SEO plugin v24.2 - https:\/\/yoast.com\/wordpress\/plugins\/seo\/ -->\n<title>Science Night - Institut fran\u00e7ais<\/title>\n<meta name=\"robots\" content=\"index, follow, max-snippet:-1, max-image-preview:large, max-video-preview:-1\" \/>\n<link rel=\"canonical\" href=\"https:\/\/www.france.no\/no\/vitenskap-og-forskning\/arrangementer\/science-night\/\" \/>\n<meta property=\"og:locale\" content=\"nb_NO\" \/>\n<meta property=\"og:type\" content=\"article\" \/>\n<meta property=\"og:title\" content=\"Science Night - Institut fran\u00e7ais\" \/>\n<meta property=\"og:description\" content=\"En gang i m\u00e5neden arrangerer forsknings- og vitenskapsavdelingen foredrag p\u00e5 instituttet. Vi f\u00e5r bes\u00f8k av v\u00e5re \u00c5sgard-prisvinnere eller ledende franske forskere. For informasjon om kommende konferanser, meld deg p\u00e5 v\u00e5rt Science Night-nyhetsbrev! Kommende arrangementer Tidligere arrangementer 17. september 2024Science Night (i samarbeid med Universitetet i Bergen) p\u00e5 Litteraturhuset i Bergen med temaet: Ocean Futures 2030: [&hellip;]\" \/>\n<meta property=\"og:url\" content=\"https:\/\/www.france.no\/no\/vitenskap-og-forskning\/arrangementer\/science-night\/\" \/>\n<meta property=\"og:site_name\" content=\"Institut fran\u00e7ais\" \/>\n<meta property=\"article:publisher\" content=\"https:\/\/www.facebook.com\/institutfrancaisoslo\" \/>\n<meta property=\"article:modified_time\" content=\"2024-11-07T11:13:18+00:00\" \/>\n<meta property=\"og:image\" content=\"https:\/\/www.france.no\/wp-content\/uploads\/2022\/01\/IFN-logo.png\" \/>\n\t<meta property=\"og:image:width\" content=\"946\" \/>\n\t<meta property=\"og:image:height\" content=\"546\" \/>\n\t<meta property=\"og:image:type\" content=\"image\/png\" \/>\n<meta name=\"twitter:card\" content=\"summary_large_image\" \/>\n<meta name=\"twitter:site\" content=\"@ifnorvege\" \/>\n<meta name=\"twitter:label1\" content=\"Ansl. lesetid\" \/>\n\t<meta name=\"twitter:data1\" content=\"2 minutter\" \/>\n<script type=\"application\/ld+json\" class=\"yoast-schema-graph\">{\"@context\":\"https:\/\/schema.org\",\"@graph\":[{\"@type\":\"WebPage\",\"@id\":\"https:\/\/www.france.no\/no\/vitenskap-og-forskning\/arrangementer\/science-night\/\",\"url\":\"https:\/\/www.france.no\/no\/vitenskap-og-forskning\/arrangementer\/science-night\/\",\"name\":\"Science Night - Institut fran\u00e7ais\",\"isPartOf\":{\"@id\":\"https:\/\/www.france.no\/no\/#website\"},\"datePublished\":\"2022-03-18T14:51:15+00:00\",\"dateModified\":\"2024-11-07T11:13:18+00:00\",\"breadcrumb\":{\"@id\":\"https:\/\/www.france.no\/no\/vitenskap-og-forskning\/arrangementer\/science-night\/#breadcrumb\"},\"inLanguage\":\"nb-NO\",\"potentialAction\":[{\"@type\":\"ReadAction\",\"target\":[\"https:\/\/www.france.no\/no\/vitenskap-og-forskning\/arrangementer\/science-night\/\"]}]},{\"@type\":\"BreadcrumbList\",\"@id\":\"https:\/\/www.france.no\/no\/vitenskap-og-forskning\/arrangementer\/science-night\/#breadcrumb\",\"itemListElement\":[{\"@type\":\"ListItem\",\"position\":1,\"name\":\"\",\"item\":\"https:\/\/www.france.no\/no\/\"},{\"@type\":\"ListItem\",\"position\":2,\"name\":\"Vitenskap og forskning\",\"item\":\"https:\/\/www.france.no\/no\/vitenskap-og-forskning\/\"},{\"@type\":\"ListItem\",\"position\":3,\"name\":\"Arrangementer\",\"item\":\"https:\/\/www.france.no\/no\/vitenskap-og-forskning\/arrangementer\/\"},{\"@type\":\"ListItem\",\"position\":4,\"name\":\"Science Night\"}]},{\"@type\":\"WebSite\",\"@id\":\"https:\/\/www.france.no\/no\/#website\",\"url\":\"https:\/\/www.france.no\/no\/\",\"name\":\"Institut fran\u00e7ais\",\"description\":\"Norv\u00e8ge\",\"publisher\":{\"@id\":\"https:\/\/www.france.no\/no\/#organization\"},\"potentialAction\":[{\"@type\":\"SearchAction\",\"target\":{\"@type\":\"EntryPoint\",\"urlTemplate\":\"https:\/\/www.france.no\/no\/?s={search_term_string}\"},\"query-input\":{\"@type\":\"PropertyValueSpecification\",\"valueRequired\":true,\"valueName\":\"search_term_string\"}}],\"inLanguage\":\"nb-NO\"},{\"@type\":\"Organization\",\"@id\":\"https:\/\/www.france.no\/no\/#organization\",\"name\":\"Institut fran\u00e7ais\",\"url\":\"https:\/\/www.france.no\/no\/\",\"logo\":{\"@type\":\"ImageObject\",\"inLanguage\":\"nb-NO\",\"@id\":\"https:\/\/www.france.no\/no\/#\/schema\/logo\/image\/\",\"url\":\"https:\/\/www.france.no\/wp-content\/uploads\/2022\/11\/IF_Logo_Sans_Bleu_RVB.png\",\"contentUrl\":\"https:\/\/www.france.no\/wp-content\/uploads\/2022\/11\/IF_Logo_Sans_Bleu_RVB.png\",\"width\":852,\"height\":591,\"caption\":\"Institut fran\u00e7ais\"},\"image\":{\"@id\":\"https:\/\/www.france.no\/no\/#\/schema\/logo\/image\/\"},\"sameAs\":[\"https:\/\/www.facebook.com\/institutfrancaisoslo\",\"https:\/\/x.com\/ifnorvege\",\"https:\/\/instagram.com\/ifnorvege\"]}]}<\/script>\n<!-- \/ Yoast SEO plugin. -->","yoast_head_json":{"title":"Science Night - Institut fran\u00e7ais","robots":{"index":"index","follow":"follow","max-snippet":"max-snippet:-1","max-image-preview":"max-image-preview:large","max-video-preview":"max-video-preview:-1"},"canonical":"https:\/\/www.france.no\/no\/vitenskap-og-forskning\/arrangementer\/science-night\/","og_locale":"nb_NO","og_type":"article","og_title":"Science Night - Institut fran\u00e7ais","og_description":"En gang i m\u00e5neden arrangerer forsknings- og vitenskapsavdelingen foredrag p\u00e5 instituttet. Vi f\u00e5r bes\u00f8k av v\u00e5re \u00c5sgard-prisvinnere eller ledende franske forskere. For informasjon om kommende konferanser, meld deg p\u00e5 v\u00e5rt Science Night-nyhetsbrev! Kommende arrangementer Tidligere arrangementer 17. september 2024Science Night (i samarbeid med Universitetet i Bergen) p\u00e5 Litteraturhuset i Bergen med temaet: Ocean Futures 2030: [&hellip;]","og_url":"https:\/\/www.france.no\/no\/vitenskap-og-forskning\/arrangementer\/science-night\/","og_site_name":"Institut fran\u00e7ais","article_publisher":"https:\/\/www.facebook.com\/institutfrancaisoslo","article_modified_time":"2024-11-07T11:13:18+00:00","og_image":[{"width":946,"height":546,"url":"https:\/\/www.france.no\/wp-content\/uploads\/2022\/01\/IFN-logo.png","type":"image\/png"}],"twitter_card":"summary_large_image","twitter_site":"@ifnorvege","twitter_misc":{"Ansl. lesetid":"2 minutter"},"schema":{"@context":"https:\/\/schema.org","@graph":[{"@type":"WebPage","@id":"https:\/\/www.france.no\/no\/vitenskap-og-forskning\/arrangementer\/science-night\/","url":"https:\/\/www.france.no\/no\/vitenskap-og-forskning\/arrangementer\/science-night\/","name":"Science Night - Institut fran\u00e7ais","isPartOf":{"@id":"https:\/\/www.france.no\/no\/#website"},"datePublished":"2022-03-18T14:51:15+00:00","dateModified":"2024-11-07T11:13:18+00:00","breadcrumb":{"@id":"https:\/\/www.france.no\/no\/vitenskap-og-forskning\/arrangementer\/science-night\/#breadcrumb"},"inLanguage":"nb-NO","potentialAction":[{"@type":"ReadAction","target":["https:\/\/www.france.no\/no\/vitenskap-og-forskning\/arrangementer\/science-night\/"]}]},{"@type":"BreadcrumbList","@id":"https:\/\/www.france.no\/no\/vitenskap-og-forskning\/arrangementer\/science-night\/#breadcrumb","itemListElement":[{"@type":"ListItem","position":1,"name":"","item":"https:\/\/www.france.no\/no\/"},{"@type":"ListItem","position":2,"name":"Vitenskap og forskning","item":"https:\/\/www.france.no\/no\/vitenskap-og-forskning\/"},{"@type":"ListItem","position":3,"name":"Arrangementer","item":"https:\/\/www.france.no\/no\/vitenskap-og-forskning\/arrangementer\/"},{"@type":"ListItem","position":4,"name":"Science Night"}]},{"@type":"WebSite","@id":"https:\/\/www.france.no\/no\/#website","url":"https:\/\/www.france.no\/no\/","name":"Institut fran\u00e7ais","description":"Norv\u00e8ge","publisher":{"@id":"https:\/\/www.france.no\/no\/#organization"},"potentialAction":[{"@type":"SearchAction","target":{"@type":"EntryPoint","urlTemplate":"https:\/\/www.france.no\/no\/?s={search_term_string}"},"query-input":{"@type":"PropertyValueSpecification","valueRequired":true,"valueName":"search_term_string"}}],"inLanguage":"nb-NO"},{"@type":"Organization","@id":"https:\/\/www.france.no\/no\/#organization","name":"Institut fran\u00e7ais","url":"https:\/\/www.france.no\/no\/","logo":{"@type":"ImageObject","inLanguage":"nb-NO","@id":"https:\/\/www.france.no\/no\/#\/schema\/logo\/image\/","url":"https:\/\/www.france.no\/wp-content\/uploads\/2022\/11\/IF_Logo_Sans_Bleu_RVB.png","contentUrl":"https:\/\/www.france.no\/wp-content\/uploads\/2022\/11\/IF_Logo_Sans_Bleu_RVB.png","width":852,"height":591,"caption":"Institut fran\u00e7ais"},"image":{"@id":"https:\/\/www.france.no\/no\/#\/schema\/logo\/image\/"},"sameAs":["https:\/\/www.facebook.com\/institutfrancaisoslo","https:\/\/x.com\/ifnorvege","https:\/\/instagram.com\/ifnorvege"]}]}},"_links":{"self":[{"href":"https:\/\/www.france.no\/no\/wp-json\/wp\/v2\/pages\/588","targetHints":{"allow":["GET"]}}],"collection":[{"href":"https:\/\/www.france.no\/no\/wp-json\/wp\/v2\/pages"}],"about":[{"href":"https:\/\/www.france.no\/no\/wp-json\/wp\/v2\/types\/page"}],"author":[{"embeddable":true,"href":"https:\/\/www.france.no\/no\/wp-json\/wp\/v2\/users\/1"}],"replies":[{"embeddable":true,"href":"https:\/\/www.france.no\/no\/wp-json\/wp\/v2\/comments?post=588"}],"version-history":[{"count":30,"href":"https:\/\/www.france.no\/no\/wp-json\/wp\/v2\/pages\/588\/revisions"}],"predecessor-version":[{"id":9535,"href":"https:\/\/www.france.no\/no\/wp-json\/wp\/v2\/pages\/588\/revisions\/9535"}],"up":[{"embeddable":true,"href":"https:\/\/www.france.no\/no\/wp-json\/wp\/v2\/pages\/583"}],"wp:attachment":[{"href":"https:\/\/www.france.no\/no\/wp-json\/wp\/v2\/media?parent=588"}],"wp:term":[{"taxonomy":"category","embeddable":true,"href":"https:\/\/www.france.no\/no\/wp-json\/wp\/v2\/categories?post=588"}],"curies":[{"name":"wp","href":"https:\/\/api.w.org\/{rel}","templated":true}]}}